{"id":2956,"date":"2021-08-27T10:57:26","date_gmt":"2021-08-27T08:57:26","guid":{"rendered":"https:\/\/www.termevenezia.it\/?page_id=2956"},"modified":"2022-02-04T14:51:37","modified_gmt":"2022-02-04T13:51:37","slug":"inhalationstherapien","status":"publish","type":"page","link":"https:\/\/www.termevenezia.it\/de\/inhalationstherapien\/","title":{"rendered":"Inhalationstherapien"},"content":{"rendered":"<div  class=\"grids-section grids-is-advanced alignfull\" style=\"--_gs-gap-desktop:0px 0px;--_gs-m-desktop:0 0 0 0;--_gs-p-desktop:0 0 0 0;--_gs-bg-desktop:transparent none;--_gs-bg-xp-desktop:0px;--_gs-zi-desktop:auto;--_gs-d-desktop:block;--_gs-mw-desktop:calc(100% - 0 - 0);--_gs-gap-tablet:0px 0px;--_gs-m-tablet:0 0 0 0;--_gs-p-tablet:0 0 0 0;--_gs-bg-tablet:transparent none;--_gs-bg-xp-tablet:0px;--_gs-zi-tablet:auto;--_gs-d-tablet:block;--_gs-mw-tablet:calc(100% - 0 - 0);--_gs-gap-mobile:0px 0px;--_gs-m-mobile:0 0 0 0;--_gs-p-mobile:0 0 0 0;--_gs-bg-mobile:transparent none;--_gs-bg-xp-mobile:0px;--_gs-zi-mobile:auto;--_gs-d-mobile:block;--_gs-mw-mobile:calc(100% - 0 - 0);--_gs-columns:12;--_gs-rows:6\"><div class=\"grids-s-w_i\">\n<div class=\"grids-area\" style=\"--_ga-column:2\/5;--_ga-row:1\/7;--_ga-va:center;--_ga-m-desktop:20px 0 0 0;--_ga-p-desktop:0 0 0 0;--_ga-bg-desktop:transparent none;--_ga-zi-desktop:auto;--_ga-d-desktop:flex;--_ga-mw-desktop:calc(100% - 0 - 0);--_ga-m-tablet:20px 0 0 0;--_ga-p-tablet:0 0 0 0;--_ga-bg-tablet:transparent none;--_ga-zi-tablet:auto;--_ga-d-tablet:flex;--_ga-mw-tablet:calc(100% - 0 - 0);--_ga-m-mobile:20px 0 0 0;--_ga-p-mobile:0 0 0 0;--_ga-bg-mobile:transparent none;--_ga-zi-mobile:auto;--_ga-d-mobile:flex;--_ga-mw-mobile:calc(100% - 0 - 0)\">\n\n<h2 class=\"wp-block-heading\" id=\"thermale-inhalationstherapien\">Thermale Inhalationstherapien<\/h2>\n\n\n\n<hr class=\"wp-block-separator is-style-default\"\/>\n\n\n\n<p><strong>Inhalationstherapien<\/strong> sind f\u00fcr die Behandlung und Vorbeugung von Atemwegserkrankungen angezeigt.<\/p>\n\n\n\n<p>Dank ihrer besonderen Zusammensetzung haben die vernebelten Thermalwasserpartikel eine wichtige <strong>entz\u00fcndungshemmende, antiseptische und schleiml\u00f6sende Wirkung<\/strong> auf die Atemwege.<\/p>\n\n\n\n<p>Die 10-min\u00fctigen Sitzungen unterst\u00fctzen die Behandlung chronischer Entz\u00fcndungen der unteren Atemwege.<\/p>\n\n\n\n<p>Die Inhalationstherapie ist auch f\u00fcr Kinder angezeigt. <\/p>\n\n\n\n<p>Inhalationen und Aerosole sind von Montag bis Samstag von 8 bis 12 Uhr m\u00f6glich.<\/p>\n\n\n\n<\/div>\n\n<div class=\"grids-area\" style=\"--_ga-column:6\/12;--_ga-row:1\/7;--_ga-va:center;--_ga-m-desktop:0 0 0 0;--_ga-p-desktop:0 0 0 0;--_ga-bg-desktop:transparent none;--_ga-zi-desktop:auto;--_ga-d-desktop:flex;--_ga-mw-desktop:calc(100% - 0 - 0);--_ga-m-tablet:0 0 0 0;--_ga-p-tablet:0 0 0 0;--_ga-bg-tablet:transparent none;--_ga-zi-tablet:auto;--_ga-d-tablet:flex;--_ga-mw-tablet:calc(100% - 0 - 0);--_ga-m-mobile:0 0 0 0;--_ga-p-mobile:0 0 0 0;--_ga-bg-mobile:transparent none;--_ga-zi-mobile:auto;--_ga-d-mobile:flex;--_ga-mw-mobile:calc(100% - 0 - 0)\">\n\n<figure class=\"wp-block-image size-full border-rounded\"><img style=\"background-color: #8b8a92;\" decoding=\"async\" width=\"1800\" height=\"1200\" src=\"https:\/\/www.termevenezia.it\/wp-content\/uploads\/2021\/08\/cure-inalatorie-hotel-venezia-abano_02.jpg\" alt=\"\" class=\"wp-image-979\" srcset=\"https:\/\/www.termevenezia.it\/wp-content\/uploads\/2021\/08\/cure-inalatorie-hotel-venezia-abano_02.jpg 1800w, https:\/\/www.termevenezia.it\/wp-content\/uploads\/2021\/08\/cure-inalatorie-hotel-venezia-abano_02-300x200.jpg 300w, https:\/\/www.termevenezia.it\/wp-content\/uploads\/2021\/08\/cure-inalatorie-hotel-venezia-abano_02-1024x683.jpg 1024w, https:\/\/www.termevenezia.it\/wp-content\/uploads\/2021\/08\/cure-inalatorie-hotel-venezia-abano_02-768x512.jpg 768w, https:\/\/www.termevenezia.it\/wp-content\/uploads\/2021\/08\/cure-inalatorie-hotel-venezia-abano_02-1536x1024.jpg 1536w, https:\/\/www.termevenezia.it\/wp-content\/uploads\/2021\/08\/cure-inalatorie-hotel-venezia-abano_02-1568x1045.jpg 1568w\" sizes=\"(max-width: 1800px) 100vw, 1800px\" \/><\/figure>\n\n<\/div>\n<\/div><\/div>\n\n<div  class=\"grids-section grids-is-advanced alignfull\" style=\"--_gs-gap-desktop:0px 0px;--_gs-m-desktop:40px 0 40px 0;--_gs-p-desktop:40px 0 40px 0;--_gs-bg-desktop:#f6f7f8 none;--_gs-bg-xp-desktop:0px;--_gs-zi-desktop:auto;--_gs-d-desktop:none;--_gs-mw-desktop:calc(100% - 0 - 0);--_gs-gap-tablet:0px 0px;--_gs-m-tablet:40px 0 40px 0;--_gs-p-tablet:40px 0 40px 0;--_gs-bg-tablet:#f6f7f8 none;--_gs-bg-xp-tablet:0px;--_gs-zi-tablet:auto;--_gs-d-tablet:block;--_gs-mw-tablet:calc(100% - 0 - 0);--_gs-gap-mobile:0px 0px;--_gs-m-mobile:40px 0 40px 0;--_gs-p-mobile:40px 0 40px 0;--_gs-bg-mobile:#f6f7f8 none;--_gs-bg-xp-mobile:0px;--_gs-zi-mobile:auto;--_gs-d-mobile:block;--_gs-mw-mobile:calc(100% - 0 - 0);--_gs-columns:12;--_gs-rows:6\"><div class=\"grids-s-w_i\">\n<div class=\"grids-area\" style=\"--_ga-column:2\/7;--_ga-row:1\/2;--_ga-va:center;--_ga-m-desktop:0 0 0 0;--_ga-p-desktop:0 0 0 0;--_ga-bg-desktop:transparent none;--_ga-zi-desktop:auto;--_ga-d-desktop:flex;--_ga-mw-desktop:calc(100% - 0 - 0);--_ga-m-tablet:0 0 0 0;--_ga-p-tablet:0 0 0 0;--_ga-bg-tablet:transparent none;--_ga-zi-tablet:auto;--_ga-d-tablet:flex;--_ga-mw-tablet:calc(100% - 0 - 0);--_ga-m-mobile:0 0 0 0;--_ga-p-mobile:0 0 0 0;--_ga-bg-mobile:transparent none;--_ga-zi-mobile:auto;--_ga-d-mobile:flex;--_ga-mw-mobile:calc(100% - 0 - 0)\">\n\n<h2 class=\"wp-block-heading\" id=\"vertragsabkommen-mit-dem-gesundheitswesen\">Vertragsabkommen mit dem Gesundheitswesen<\/h2>\n\n\n\n<h3 class=\"wp-block-heading\" id=\"zugang-zu-bezuschussten-thermalkuren\">Zugang zu bezuschussten Thermalkuren<\/h3>\n\n\n\n<hr class=\"wp-block-separator\"\/>\n\n\n\n<p>F\u00fcr bezuschusste&nbsp;<strong>Thermaltherapiezyklen<\/strong>&nbsp;im Hotel Terme Venezia ben\u00f6tigen Sie eine Verschreibung Ihres Hausarztes oder eines zust\u00e4ndigen Facharztes des staatlichen Gesundheitsdienstes.<\/p>\n\n<\/div>\n\n<div class=\"grids-area\" style=\"--_ga-column:8\/12;--_ga-row:1\/2;--_ga-m-desktop:0 0 0 0;--_ga-p-desktop:0 0 0 0;--_ga-bg-desktop:transparent none;--_ga-zi-desktop:auto;--_ga-d-desktop:flex;--_ga-mw-desktop:calc(100% - 0 - 0);--_ga-m-tablet:0 0 0 0;--_ga-p-tablet:0 0 0 0;--_ga-bg-tablet:transparent none;--_ga-zi-tablet:auto;--_ga-d-tablet:flex;--_ga-mw-tablet:calc(100% - 0 - 0);--_ga-m-mobile:0 0 0 0;--_ga-p-mobile:0 0 0 0;--_ga-bg-mobile:transparent none;--_ga-zi-mobile:auto;--_ga-d-mobile:flex;--_ga-mw-mobile:calc(100% - 0 - 0)\">\n\n<figure class=\"wp-block-image size-full\"><img style=\"background-color: #f9eaeb;\" decoding=\"async\" width=\"572\" height=\"437\" src=\"https:\/\/www.termevenezia.it\/wp-content\/uploads\/2021\/08\/impegnativa_ASL.gif\" alt=\"\" class=\"wp-image-984\"\/><\/figure>\n\n<\/div>\n<\/div><\/div>\n\n<div  class=\"grids-section grids-is-advanced\" style=\"--_gs-gap-desktop:0px 0px;--_gs-m-desktop:0 0 0 0;--_gs-p-desktop:0 0 0 0;--_gs-bg-desktop:transparent none;--_gs-bg-xp-desktop:0px;--_gs-zi-desktop:auto;--_gs-d-desktop:block;--_gs-mw-desktop:calc(100% - 0 - 0);--_gs-gap-tablet:0px 0px;--_gs-m-tablet:0 0 0 0;--_gs-p-tablet:0 0 0 0;--_gs-bg-tablet:transparent none;--_gs-bg-xp-tablet:0px;--_gs-zi-tablet:auto;--_gs-d-tablet:block;--_gs-mw-tablet:calc(100% - 0 - 0);--_gs-gap-mobile:0px 0px;--_gs-m-mobile:0 0 0 0;--_gs-p-mobile:20px 0 0 0;--_gs-bg-mobile:transparent none;--_gs-bg-xp-mobile:0px;--_gs-zi-mobile:auto;--_gs-d-mobile:block;--_gs-mw-mobile:calc(100% - 0 - 0);--_gs-columns:12;--_gs-rows:6\"><div class=\"grids-s-w_i\">\n<div class=\"grids-area\" style=\"--_ga-column:2\/12;--_ga-row:1\/2;--_ga-m-desktop:0 0 0 0;--_ga-p-desktop:20px 0 0 0;--_ga-bg-desktop:transparent none;--_ga-zi-desktop:auto;--_ga-d-desktop:flex;--_ga-mw-desktop:calc(100% - 0 - 0);--_ga-m-tablet:0 0 0 0;--_ga-p-tablet:20px 0 0 0;--_ga-bg-tablet:transparent none;--_ga-zi-tablet:auto;--_ga-d-tablet:flex;--_ga-mw-tablet:calc(100% - 0 - 0);--_ga-m-mobile:0 0 0 0;--_ga-p-mobile:20px 0 0 0;--_ga-bg-mobile:transparent none;--_ga-zi-mobile:auto;--_ga-d-mobile:flex;--_ga-mw-mobile:calc(100% - 0 - 0)\">\n\n<h3 class=\"wp-block-heading\" id=\"medizinischer-leiter\">Medizinischer Leiter<\/h3>\n\n\n\n<h4 class=\"wp-block-heading\" id=\"dr-sergio-tosi\">Dr. Sergio Tosi<\/h4>\n\n\n\n<p>Unser Referenzarzt ist <strong>Dr. Sergio Tosi<\/strong>, Arzt f\u00fcr Allgemeinmedizin und Facharzt f\u00fcr Innere Medizin.<\/p>\n\n<\/div>\n<\/div><\/div>\n\n<div  class=\"grids-section grids-is-advanced alignfull\" style=\"--_gs-gap-desktop:0px 0px;--_gs-m-desktop:40px 0 40px 0;--_gs-p-desktop:40px 0 40px 0;--_gs-bg-desktop:#f6f7f8 none;--_gs-bg-xp-desktop:0px;--_gs-zi-desktop:auto;--_gs-d-desktop:block;--_gs-mw-desktop:calc(100% - 0 - 0);--_gs-gap-tablet:0px 0px;--_gs-m-tablet:40px 0 40px 0;--_gs-p-tablet:40px 0 40px 0;--_gs-bg-tablet:#f6f7f8 none;--_gs-bg-xp-tablet:0px;--_gs-zi-tablet:auto;--_gs-d-tablet:block;--_gs-mw-tablet:calc(100% - 0 - 0);--_gs-gap-mobile:0px 0px;--_gs-m-mobile:40px 0 40px 0;--_gs-p-mobile:40px 0 40px 0;--_gs-bg-mobile:#f6f7f8 none;--_gs-bg-xp-mobile:0px;--_gs-zi-mobile:auto;--_gs-d-mobile:block;--_gs-mw-mobile:calc(100% - 0 - 0);--_gs-columns:12;--_gs-rows:6\"><div class=\"grids-s-w_i\">\n<div class=\"grids-area text-align-left-mobile\" style=\"--_ga-column:3\/11;--_ga-row:1\/2;--_ga-m-desktop:0 0 0 0;--_ga-p-desktop:0 0 0 0;--_ga-bg-desktop:transparent none;--_ga-zi-desktop:auto;--_ga-d-desktop:flex;--_ga-mw-desktop:calc(100% - 0 - 0);--_ga-m-tablet:0 0 0 0;--_ga-p-tablet:0 0 0 0;--_ga-bg-tablet:transparent none;--_ga-zi-tablet:auto;--_ga-d-tablet:flex;--_ga-mw-tablet:calc(100% - 0 - 0);--_ga-m-mobile:0 0 0 0;--_ga-p-mobile:20px 0 20px 0;--_ga-bg-mobile:transparent none;--_ga-zi-mobile:auto;--_ga-d-mobile:flex;--_ga-mw-mobile:calc(100% - 0 - 0)\">\n\n<h2 class=\"has-text-align-center wp-block-heading\" id=\"wollen-sie-inhalationen-buchen\">WOLLEN SIE INHALATIONEN BUCHEN?<\/h2>\n\n\n\n<p class=\"has-text-align-center\">Inhalationen sind t\u00e4glich nach <strong>Reservierung <\/strong>m\u00f6glich.<\/p>\n\n\n\n<p class=\"has-text-align-center\">F\u00fcr mehr Informationen oder zur Vereinbarung eines Termins <strong>nehmen Sie bitte Kontakt mit uns auf<\/strong>. Wir helfen Ihnen gerne weiter.<\/p>\n\n\n\n<a href=\"\/de\/angebot-anfordern\/\" class=\"btn mx-auto\">Buchen Sie Inhalationstherapien<\/a>\n\n<\/div>\n<\/div><\/div>","protected":false},"excerpt":{"rendered":"","protected":false},"author":1,"featured_media":2945,"parent":0,"menu_order":0,"comment_status":"closed","ping_status":"closed","template":"","meta":{"_acf_changed":false,"advgb_blocks_editor_width":"","advgb_blocks_columns_visual_guide":"","footnotes":""},"class_list":["post-2956","page","type-page","status-publish","has-post-thumbnail","hentry","entry"],"acf":[],"yoast_head":"<!-- This site is optimized with the Yoast SEO plugin v25.7 - https:\/\/yoast.com\/wordpress\/plugins\/seo\/ -->\n<title>Inhalationstherapien - Terme Venezia<\/title>\n<meta name=\"description\" content=\"Im Hotel Venezia Terme sind Inhalationstherapien f\u00fcr die Behandlung und Vorbeugung von Erkrankungen der Atemwege m\u00f6glich.\" \/>\n<meta name=\"robots\" content=\"index, follow, max-snippet:-1, max-image-preview:large, max-video-preview:-1\" \/>\n<link rel=\"canonical\" href=\"https:\/\/www.termevenezia.it\/de\/inhalationstherapien\/\" \/>\n<meta property=\"og:locale\" content=\"de_DE\" \/>\n<meta property=\"og:type\" content=\"article\" \/>\n<meta property=\"og:title\" content=\"Inhalationstherapien - Terme Venezia\" \/>\n<meta property=\"og:description\" content=\"Im Hotel Venezia Terme sind Inhalationstherapien f\u00fcr die Behandlung und Vorbeugung von Erkrankungen der Atemwege m\u00f6glich.\" \/>\n<meta property=\"og:url\" content=\"https:\/\/www.termevenezia.it\/de\/inhalationstherapien\/\" \/>\n<meta property=\"og:site_name\" content=\"Terme Venezia\" \/>\n<meta property=\"article:modified_time\" content=\"2022-02-04T13:51:37+00:00\" \/>\n<meta property=\"og:image\" content=\"https:\/\/www.termevenezia.it\/wp-content\/uploads\/2021\/08\/slide-terapie-inalatorie-terme-venezia.jpg\" \/>\n\t<meta property=\"og:image:width\" content=\"2000\" \/>\n\t<meta property=\"og:image:height\" content=\"714\" \/>\n\t<meta property=\"og:image:type\" content=\"image\/jpeg\" \/>\n<meta name=\"twitter:card\" content=\"summary_large_image\" \/>\n<meta name=\"twitter:label1\" content=\"Gesch\u00e4tzte Lesezeit\" \/>\n\t<meta name=\"twitter:data1\" content=\"2\u00a0Minuten\" \/>\n<script type=\"application\/ld+json\" class=\"yoast-schema-graph\">{\"@context\":\"https:\/\/schema.org\",\"@graph\":[{\"@type\":\"WebPage\",\"@id\":\"https:\/\/www.termevenezia.it\/de\/inhalationstherapien\/\",\"url\":\"https:\/\/www.termevenezia.it\/de\/inhalationstherapien\/\",\"name\":\"Inhalationstherapien - Terme Venezia\",\"isPartOf\":{\"@id\":\"https:\/\/www.termevenezia.it\/de\/#website\"},\"primaryImageOfPage\":{\"@id\":\"https:\/\/www.termevenezia.it\/de\/inhalationstherapien\/#primaryimage\"},\"image\":{\"@id\":\"https:\/\/www.termevenezia.it\/de\/inhalationstherapien\/#primaryimage\"},\"thumbnailUrl\":\"https:\/\/www.termevenezia.it\/wp-content\/uploads\/2021\/08\/slide-terapie-inalatorie-terme-venezia.jpg\",\"datePublished\":\"2021-08-27T08:57:26+00:00\",\"dateModified\":\"2022-02-04T13:51:37+00:00\",\"description\":\"Im Hotel Venezia Terme sind Inhalationstherapien f\u00fcr die Behandlung und Vorbeugung von Erkrankungen der Atemwege m\u00f6glich.\",\"breadcrumb\":{\"@id\":\"https:\/\/www.termevenezia.it\/de\/inhalationstherapien\/#breadcrumb\"},\"inLanguage\":\"de\",\"potentialAction\":[{\"@type\":\"ReadAction\",\"target\":[\"https:\/\/www.termevenezia.it\/de\/inhalationstherapien\/\"]}]},{\"@type\":\"ImageObject\",\"inLanguage\":\"de\",\"@id\":\"https:\/\/www.termevenezia.it\/de\/inhalationstherapien\/#primaryimage\",\"url\":\"https:\/\/www.termevenezia.it\/wp-content\/uploads\/2021\/08\/slide-terapie-inalatorie-terme-venezia.jpg\",\"contentUrl\":\"https:\/\/www.termevenezia.it\/wp-content\/uploads\/2021\/08\/slide-terapie-inalatorie-terme-venezia.jpg\",\"width\":2000,\"height\":714},{\"@type\":\"BreadcrumbList\",\"@id\":\"https:\/\/www.termevenezia.it\/de\/inhalationstherapien\/#breadcrumb\",\"itemListElement\":[{\"@type\":\"ListItem\",\"position\":1,\"name\":\"\",\"item\":\"https:\/\/www.termevenezia.it\/de\/\"},{\"@type\":\"ListItem\",\"position\":2,\"name\":\"Inhalationstherapien\"}]},{\"@type\":\"WebSite\",\"@id\":\"https:\/\/www.termevenezia.it\/de\/#website\",\"url\":\"https:\/\/www.termevenezia.it\/de\/\",\"name\":\"Terme Venezia\",\"description\":\"\",\"potentialAction\":[{\"@type\":\"SearchAction\",\"target\":{\"@type\":\"EntryPoint\",\"urlTemplate\":\"https:\/\/www.termevenezia.it\/de\/?s={search_term_string}\"},\"query-input\":{\"@type\":\"PropertyValueSpecification\",\"valueRequired\":true,\"valueName\":\"search_term_string\"}}],\"inLanguage\":\"de\"}]}<\/script>\n<!-- \/ Yoast SEO plugin. -->","yoast_head_json":{"title":"Inhalationstherapien - Terme Venezia","description":"Im Hotel Venezia Terme sind Inhalationstherapien f\u00fcr die Behandlung und Vorbeugung von Erkrankungen der Atemwege m\u00f6glich.","robots":{"index":"index","follow":"follow","max-snippet":"max-snippet:-1","max-image-preview":"max-image-preview:large","max-video-preview":"max-video-preview:-1"},"canonical":"https:\/\/www.termevenezia.it\/de\/inhalationstherapien\/","og_locale":"de_DE","og_type":"article","og_title":"Inhalationstherapien - Terme Venezia","og_description":"Im Hotel Venezia Terme sind Inhalationstherapien f\u00fcr die Behandlung und Vorbeugung von Erkrankungen der Atemwege m\u00f6glich.","og_url":"https:\/\/www.termevenezia.it\/de\/inhalationstherapien\/","og_site_name":"Terme Venezia","article_modified_time":"2022-02-04T13:51:37+00:00","og_image":[{"width":2000,"height":714,"url":"https:\/\/www.termevenezia.it\/wp-content\/uploads\/2021\/08\/slide-terapie-inalatorie-terme-venezia.jpg","type":"image\/jpeg"}],"twitter_card":"summary_large_image","twitter_misc":{"Gesch\u00e4tzte Lesezeit":"2\u00a0Minuten"},"schema":{"@context":"https:\/\/schema.org","@graph":[{"@type":"WebPage","@id":"https:\/\/www.termevenezia.it\/de\/inhalationstherapien\/","url":"https:\/\/www.termevenezia.it\/de\/inhalationstherapien\/","name":"Inhalationstherapien - Terme Venezia","isPartOf":{"@id":"https:\/\/www.termevenezia.it\/de\/#website"},"primaryImageOfPage":{"@id":"https:\/\/www.termevenezia.it\/de\/inhalationstherapien\/#primaryimage"},"image":{"@id":"https:\/\/www.termevenezia.it\/de\/inhalationstherapien\/#primaryimage"},"thumbnailUrl":"https:\/\/www.termevenezia.it\/wp-content\/uploads\/2021\/08\/slide-terapie-inalatorie-terme-venezia.jpg","datePublished":"2021-08-27T08:57:26+00:00","dateModified":"2022-02-04T13:51:37+00:00","description":"Im Hotel Venezia Terme sind Inhalationstherapien f\u00fcr die Behandlung und Vorbeugung von Erkrankungen der Atemwege m\u00f6glich.","breadcrumb":{"@id":"https:\/\/www.termevenezia.it\/de\/inhalationstherapien\/#breadcrumb"},"inLanguage":"de","potentialAction":[{"@type":"ReadAction","target":["https:\/\/www.termevenezia.it\/de\/inhalationstherapien\/"]}]},{"@type":"ImageObject","inLanguage":"de","@id":"https:\/\/www.termevenezia.it\/de\/inhalationstherapien\/#primaryimage","url":"https:\/\/www.termevenezia.it\/wp-content\/uploads\/2021\/08\/slide-terapie-inalatorie-terme-venezia.jpg","contentUrl":"https:\/\/www.termevenezia.it\/wp-content\/uploads\/2021\/08\/slide-terapie-inalatorie-terme-venezia.jpg","width":2000,"height":714},{"@type":"BreadcrumbList","@id":"https:\/\/www.termevenezia.it\/de\/inhalationstherapien\/#breadcrumb","itemListElement":[{"@type":"ListItem","position":1,"name":"","item":"https:\/\/www.termevenezia.it\/de\/"},{"@type":"ListItem","position":2,"name":"Inhalationstherapien"}]},{"@type":"WebSite","@id":"https:\/\/www.termevenezia.it\/de\/#website","url":"https:\/\/www.termevenezia.it\/de\/","name":"Terme Venezia","description":"","potentialAction":[{"@type":"SearchAction","target":{"@type":"EntryPoint","urlTemplate":"https:\/\/www.termevenezia.it\/de\/?s={search_term_string}"},"query-input":{"@type":"PropertyValueSpecification","valueRequired":true,"valueName":"search_term_string"}}],"inLanguage":"de"}]}},"coauthors":[],"author_meta":{"author_link":"https:\/\/www.termevenezia.it\/de\/author\/t3mr4-v84ka0\/","display_name":"t3mr4-v84ka0"},"relative_dates":{"created":"Posted 5\u00a0Jahren ago","modified":"Updated 4\u00a0Jahren ago"},"absolute_dates":{"created":"Posted on August 27, 2021","modified":"Updated on Februar 4, 2022"},"absolute_dates_time":{"created":"Posted on August 27, 2021 10:57 a.m.","modified":"Updated on Februar 4, 2022 2:51 p.m."},"featured_img_caption":"","featured_img":"https:\/\/www.termevenezia.it\/wp-content\/uploads\/2021\/08\/slide-terapie-inalatorie-terme-venezia-1568x560.jpg","series_order":"","_links":{"self":[{"href":"https:\/\/www.termevenezia.it\/de\/wp-json\/wp\/v2\/pages\/2956","targetHints":{"allow":["GET"]}}],"collection":[{"href":"https:\/\/www.termevenezia.it\/de\/wp-json\/wp\/v2\/pages"}],"about":[{"href":"https:\/\/www.termevenezia.it\/de\/wp-json\/wp\/v2\/types\/page"}],"author":[{"embeddable":true,"href":"https:\/\/www.termevenezia.it\/de\/wp-json\/wp\/v2\/users\/1"}],"replies":[{"embeddable":true,"href":"https:\/\/www.termevenezia.it\/de\/wp-json\/wp\/v2\/comments?post=2956"}],"version-history":[{"count":15,"href":"https:\/\/www.termevenezia.it\/de\/wp-json\/wp\/v2\/pages\/2956\/revisions"}],"predecessor-version":[{"id":9631,"href":"https:\/\/www.termevenezia.it\/de\/wp-json\/wp\/v2\/pages\/2956\/revisions\/9631"}],"wp:featuredmedia":[{"embeddable":true,"href":"https:\/\/www.termevenezia.it\/de\/wp-json\/wp\/v2\/media\/2945"}],"wp:attachment":[{"href":"https:\/\/www.termevenezia.it\/de\/wp-json\/wp\/v2\/media?parent=2956"}],"curies":[{"name":"wp","href":"https:\/\/api.w.org\/{rel}","templated":true}]}}