{"id":11571,"date":"2023-12-19T14:55:37","date_gmt":"2023-12-19T13:55:37","guid":{"rendered":"https:\/\/www.termevenezia.it\/?page_id=11571"},"modified":"2023-12-19T15:19:28","modified_gmt":"2023-12-19T14:19:28","slug":"durabilite","status":"publish","type":"page","link":"https:\/\/www.termevenezia.it\/fr\/durabilite\/","title":{"rendered":"Durabilit\u00e9"},"content":{"rendered":"<div  class=\"grids-section grids-is-advanced alignfull\" style=\"--_gs-gap-desktop:0px 0px;--_gs-m-desktop:0 0 0 0;--_gs-p-desktop:0 0 0 0;--_gs-bg-desktop:#f6f7f8 none;--_gs-bg-xp-desktop:0px;--_gs-zi-desktop:auto;--_gs-d-desktop:block;--_gs-mw-desktop:calc(100% - 0 - 0);--_gs-gap-tablet:0px 0px;--_gs-m-tablet:0 0 0 0;--_gs-p-tablet:0 0 0 0;--_gs-bg-tablet:#f6f7f8 none;--_gs-bg-xp-tablet:0px;--_gs-zi-tablet:auto;--_gs-d-tablet:block;--_gs-mw-tablet:calc(100% - 0 - 0);--_gs-gap-mobile:0px 0px;--_gs-m-mobile:0 0 0 0;--_gs-p-mobile:0 0 0 0;--_gs-bg-mobile:#f6f7f8 none;--_gs-bg-xp-mobile:0px;--_gs-zi-mobile:auto;--_gs-d-mobile:block;--_gs-mw-mobile:calc(100% - 0 - 0);--_gs-columns:12;--_gs-rows:6\"><div class=\"grids-s-w_i\">\n<div class=\"grids-area\" style=\"--_ga-column:2\/8;--_ga-row:1\/2;--_ga-m-desktop:0 0 0 0;--_ga-p-desktop:10px 10px 10px 10px;--_ga-bg-desktop:transparent none;--_ga-zi-desktop:auto;--_ga-d-desktop:flex;--_ga-mw-desktop:calc(100% - 0 - 0);--_ga-m-tablet:0 0 0 0;--_ga-p-tablet:10px 10px 10px 10px;--_ga-bg-tablet:transparent none;--_ga-zi-tablet:auto;--_ga-d-tablet:flex;--_ga-mw-tablet:calc(100% - 0 - 0);--_ga-m-mobile:0 0 0 0;--_ga-p-mobile:10px 10px 10px 10px;--_ga-bg-mobile:transparent none;--_ga-zi-mobile:auto;--_ga-d-mobile:flex;--_ga-mw-mobile:calc(100% - 0 - 0)\">\n\n\n\n\n\n<figure class=\"wp-block-image size-large border-rounded\"><img style=\"background-color: #6a6d56;\" decoding=\"async\" width=\"1024\" height=\"684\" src=\"https:\/\/www.termevenezia.it\/wp-content\/uploads\/2021\/08\/giardiino-termale-hotel-venezia-abano_04-1024x684.jpg\" alt=\"\" class=\"wp-image-1412\" srcset=\"https:\/\/www.termevenezia.it\/wp-content\/uploads\/2021\/08\/giardiino-termale-hotel-venezia-abano_04-1024x684.jpg 1024w, https:\/\/www.termevenezia.it\/wp-content\/uploads\/2021\/08\/giardiino-termale-hotel-venezia-abano_04-300x200.jpg 300w, https:\/\/www.termevenezia.it\/wp-content\/uploads\/2021\/08\/giardiino-termale-hotel-venezia-abano_04-768x513.jpg 768w, https:\/\/www.termevenezia.it\/wp-content\/uploads\/2021\/08\/giardiino-termale-hotel-venezia-abano_04-1536x1026.jpg 1536w, https:\/\/www.termevenezia.it\/wp-content\/uploads\/2021\/08\/giardiino-termale-hotel-venezia-abano_04-1568x1047.jpg 1568w, https:\/\/www.termevenezia.it\/wp-content\/uploads\/2021\/08\/giardiino-termale-hotel-venezia-abano_04.jpg 1800w\" sizes=\"(max-width: 1024px) 100vw, 1024px\" \/><\/figure>\n\n<\/div>\n\n<div class=\"grids-area\" style=\"--_ga-column:9\/12;--_ga-row:1\/2;--_ga-va:center;--_ga-m-desktop:0 0 0 0;--_ga-p-desktop:10px 10px 10px 10px;--_ga-bg-desktop:transparent none;--_ga-zi-desktop:auto;--_ga-d-desktop:flex;--_ga-mw-desktop:calc(100% - 0 - 0);--_ga-m-tablet:0 0 0 0;--_ga-p-tablet:10px 10px 10px 10px;--_ga-bg-tablet:transparent none;--_ga-zi-tablet:auto;--_ga-d-tablet:flex;--_ga-mw-tablet:calc(100% - 0 - 0);--_ga-m-mobile:0 0 0 0;--_ga-p-mobile:10px 10px 10px 10px;--_ga-bg-mobile:transparent none;--_ga-zi-mobile:auto;--_ga-d-mobile:flex;--_ga-mw-mobile:calc(100% - 0 - 0)\">\n\n<h2 class=\"wp-block-heading\">Bienvenue \u00e0 l&rsquo;h\u00f4tel Terme Venezia<\/h2>\n\n\n\n<h3 class=\"wp-block-heading\">Votre spa \u00e9cologique au c\u0153ur d&rsquo;Abano<\/h3>\n\n\n\n<hr class=\"wp-block-separator has-css-opacity advgb-dyn-c3f4f0ad\"\/>\n\n\n\n<p>Ici, nous prenons soin de l&rsquo;environnement, en adoptant des pratiques \u00e9cologiquement durables pour aider \u00e0 maintenir l&rsquo;\u00e9quilibre \u00e9cologique naturel. Dans le cadre de notre engagement pour un avenir plus vert, nous mettons en \u0153uvre un certain nombre d&rsquo;initiatives visant \u00e0 r\u00e9duire l&rsquo;impact sur l&rsquo;environnement et \u00e0 promouvoir un mode de vie durable.<\/p>\n\n<\/div>\n<\/div><\/div>\n\n<div  class=\"grids-section grids-is-advanced\" style=\"--_gs-gap-desktop:0px 0px;--_gs-m-desktop:0 0 0 0;--_gs-p-desktop:0 0 0 0;--_gs-bg-desktop:transparent none;--_gs-bg-xp-desktop:0px;--_gs-zi-desktop:auto;--_gs-d-desktop:block;--_gs-mw-desktop:calc(100% - 0 - 0);--_gs-gap-tablet:0px 0px;--_gs-m-tablet:0 0 0 0;--_gs-p-tablet:0 0 0 0;--_gs-bg-tablet:transparent none;--_gs-bg-xp-tablet:0px;--_gs-zi-tablet:auto;--_gs-d-tablet:block;--_gs-mw-tablet:calc(100% - 0 - 0);--_gs-gap-mobile:0px 0px;--_gs-m-mobile:0 0 0 0;--_gs-p-mobile:0 0 0 0;--_gs-bg-mobile:transparent none;--_gs-bg-xp-mobile:0px;--_gs-zi-mobile:auto;--_gs-d-mobile:block;--_gs-mw-mobile:calc(100% - 0 - 0);--_gs-columns:12;--_gs-rows:6\"><div class=\"grids-s-w_i\">\n<div class=\"grids-area\" style=\"--_ga-column:1\/13;--_ga-row:1\/2;--_ga-m-desktop:0 0 0 0;--_ga-p-desktop:0 0 0 0;--_ga-bg-desktop:transparent none;--_ga-zi-desktop:auto;--_ga-d-desktop:flex;--_ga-mw-desktop:calc(100% - 0 - 0);--_ga-m-tablet:0 0 0 0;--_ga-p-tablet:0 0 0 0;--_ga-bg-tablet:transparent none;--_ga-zi-tablet:auto;--_ga-d-tablet:flex;--_ga-mw-tablet:calc(100% - 0 - 0);--_ga-m-mobile:0 0 0 0;--_ga-p-mobile:0 0 0 0;--_ga-bg-mobile:transparent none;--_ga-zi-mobile:auto;--_ga-d-mobile:flex;--_ga-mw-mobile:calc(100% - 0 - 0)\">\n<div  class=\"grids-section grids-is-advanced\" style=\"--_gs-gap-desktop:0px 0px;--_gs-m-desktop:0 0 0 0;--_gs-p-desktop:20px 0 20px 0;--_gs-bg-desktop:#FFFFFF none;--_gs-bg-xp-desktop:0px;--_gs-zi-desktop:auto;--_gs-d-desktop:block;--_gs-mw-desktop:calc(100% - 0 - 0);--_gs-gap-tablet:0px 0px;--_gs-m-tablet:0 0 0 0;--_gs-p-tablet:20px 0 20px 0;--_gs-bg-tablet:#FFFFFF none;--_gs-bg-xp-tablet:0px;--_gs-zi-tablet:auto;--_gs-d-tablet:block;--_gs-mw-tablet:calc(100% - 0 - 0);--_gs-gap-mobile:0px 0px;--_gs-m-mobile:30px 0 0 0;--_gs-p-mobile:20px 0 20px 0;--_gs-bg-mobile:#FFFFFF none;--_gs-bg-xp-mobile:0px;--_gs-zi-mobile:auto;--_gs-d-mobile:block;--_gs-mw-mobile:calc(100% - 0 - 0);--_gs-columns:12;--_gs-rows:6\"><div class=\"grids-s-w_i\">\n<div class=\"grids-area text-align-left-mobile\" style=\"--_ga-column:2\/12;--_ga-row:1\/2;--_ga-m-desktop:0 0 0 0;--_ga-p-desktop:0 0 0 0;--_ga-bg-desktop:transparent none;--_ga-zi-desktop:auto;--_ga-d-desktop:flex;--_ga-mw-desktop:calc(100% - 0 - 0);--_ga-m-tablet:0 0 0 0;--_ga-p-tablet:0 0 0 0;--_ga-bg-tablet:transparent none;--_ga-zi-tablet:auto;--_ga-d-tablet:flex;--_ga-mw-tablet:calc(100% - 0 - 0);--_ga-m-mobile:0 0 0 0;--_ga-p-mobile:0 0 0 0;--_ga-bg-mobile:transparent none;--_ga-zi-mobile:auto;--_ga-d-mobile:flex;--_ga-mw-mobile:calc(100% - 0 - 0)\">\n\n<h2 class=\"wp-block-heading has-text-align-center\">De nombreuses bonnes pratiques pour un avenir de plus en plus vert<\/h2>\n\n\n\n<h3 class=\"wp-block-heading has-text-align-center\">Parce que le bien-\u00eatre est aussi synonyme de durabilit\u00e9 et de protection de l&rsquo;environnement<\/h3>\n\n<\/div>\n<\/div><\/div>\n<\/div>\n<\/div><\/div>\n\n<div  class=\"grids-section grids-is-advanced alignfull\" style=\"--_gs-gap-desktop:0px 0px;--_gs-m-desktop:0 0 0 0;--_gs-p-desktop:0 0 0 0;--_gs-bg-desktop:transparent none;--_gs-bg-xp-desktop:0px;--_gs-zi-desktop:auto;--_gs-d-desktop:block;--_gs-mw-desktop:calc(100% - 0 - 0);--_gs-gap-tablet:0px 0px;--_gs-m-tablet:0 0 0 0;--_gs-p-tablet:0 0 0 0;--_gs-bg-tablet:transparent none;--_gs-bg-xp-tablet:0px;--_gs-zi-tablet:auto;--_gs-d-tablet:block;--_gs-mw-tablet:calc(100% - 0 - 0);--_gs-gap-mobile:0px 0px;--_gs-m-mobile:20px 0 20px 0;--_gs-p-mobile:0 0 0 0;--_gs-bg-mobile:transparent none;--_gs-bg-xp-mobile:0px;--_gs-zi-mobile:auto;--_gs-d-mobile:block;--_gs-mw-mobile:calc(100% - 0 - 0);--_gs-columns:12;--_gs-rows:6\"><div class=\"grids-s-w_i\">\n<div class=\"grids-area\" style=\"--_ga-column:2\/3;--_ga-row:1\/7;--_ga-va:center;--_ga-m-desktop:0 0 0 0;--_ga-p-desktop:0 0 0 0;--_ga-bg-desktop:transparent none;--_ga-zi-desktop:auto;--_ga-d-desktop:flex;--_ga-mw-desktop:calc(100% - 0 - 0);--_ga-m-tablet:0 0 0 0;--_ga-p-tablet:0 0 0 0;--_ga-bg-tablet:transparent none;--_ga-zi-tablet:auto;--_ga-d-tablet:flex;--_ga-mw-tablet:calc(100% - 0 - 0);--_ga-m-mobile:0 0 0 0;--_ga-p-mobile:0 0 0 0;--_ga-bg-mobile:transparent none;--_ga-zi-mobile:auto;--_ga-d-mobile:flex;--_ga-mw-mobile:calc(100% - 0 - 0)\">\n\n<figure class=\"wp-block-image size-full\"><img decoding=\"async\" width=\"64\" height=\"64\" src=\"https:\/\/www.termevenezia.it\/wp-content\/uploads\/2023\/12\/Energy.png\" alt=\"\" class=\"wp-image-11645\"\/><\/figure>\n\n<\/div>\n\n<div class=\"grids-area\" style=\"--_ga-column:3\/10;--_ga-row:1\/7;--_ga-va:center;--_ga-m-desktop:0 0 0 0;--_ga-p-desktop:0 0 0 0;--_ga-bg-desktop:transparent none;--_ga-zi-desktop:auto;--_ga-d-desktop:flex;--_ga-mw-desktop:calc(100% - 0 - 0);--_ga-m-tablet:0 0 0 0;--_ga-p-tablet:0 0 0 0;--_ga-bg-tablet:transparent none;--_ga-zi-tablet:auto;--_ga-d-tablet:flex;--_ga-mw-tablet:calc(100% - 0 - 0);--_ga-m-mobile:20px 0 20px 0;--_ga-p-mobile:0 0 0 0;--_ga-bg-mobile:transparent none;--_ga-zi-mobile:auto;--_ga-d-mobile:flex;--_ga-mw-mobile:calc(100% - 0 - 0)\">\n\n<h3 class=\"wp-block-heading\">\u00c9nergies renouvelables et \u00e9conomies d&rsquo;\u00e9nergie<\/h3>\n\n\n\n<hr class=\"wp-block-separator has-css-opacity is-style-default\"\/>\n\n\n\n<p>Pour commencer, nous adoptons des sources d&rsquo;\u00e9nergie renouvelables telles que la g\u00e9othermie. En outre, nous nous effor\u00e7ons d&rsquo;\u00e9conomiser l&rsquo;\u00e9nergie en utilisant un \u00e9clairage \u00e0 faible consommation et nous pr\u00e9voyons d&rsquo;installer des syst\u00e8mes photovolta\u00efques.<\/p>\n\n<\/div>\n<\/div><\/div>\n\n<div  class=\"grids-section grids-is-advanced alignfull\" style=\"--_gs-gap-desktop:0px 0px;--_gs-m-desktop:0 0 0 0;--_gs-p-desktop:0 0 0 0;--_gs-bg-desktop:transparent none;--_gs-bg-xp-desktop:0px;--_gs-zi-desktop:auto;--_gs-d-desktop:block;--_gs-mw-desktop:calc(100% - 0 - 0);--_gs-gap-tablet:0px 0px;--_gs-m-tablet:0 0 0 0;--_gs-p-tablet:0 0 0 0;--_gs-bg-tablet:transparent none;--_gs-bg-xp-tablet:0px;--_gs-zi-tablet:auto;--_gs-d-tablet:block;--_gs-mw-tablet:calc(100% - 0 - 0);--_gs-gap-mobile:0px 0px;--_gs-m-mobile:20px 0 20px 0;--_gs-p-mobile:0 0 0 0;--_gs-bg-mobile:transparent none;--_gs-bg-xp-mobile:0px;--_gs-zi-mobile:auto;--_gs-d-mobile:block;--_gs-mw-mobile:calc(100% - 0 - 0);--_gs-columns:12;--_gs-rows:6\"><div class=\"grids-s-w_i\">\n<div class=\"grids-area\" style=\"--_ga-column:2\/3;--_ga-row:1\/7;--_ga-va:center;--_ga-m-desktop:0 0 0 0;--_ga-p-desktop:0 0 0 0;--_ga-bg-desktop:transparent none;--_ga-zi-desktop:auto;--_ga-d-desktop:flex;--_ga-mw-desktop:calc(100% - 0 - 0);--_ga-m-tablet:0 0 0 0;--_ga-p-tablet:0 0 0 0;--_ga-bg-tablet:transparent none;--_ga-zi-tablet:auto;--_ga-d-tablet:flex;--_ga-mw-tablet:calc(100% - 0 - 0);--_ga-m-mobile:0 0 0 0;--_ga-p-mobile:0 0 0 0;--_ga-bg-mobile:transparent none;--_ga-zi-mobile:auto;--_ga-d-mobile:flex;--_ga-mw-mobile:calc(100% - 0 - 0)\">\n\n<figure class=\"wp-block-image size-full\"><img decoding=\"async\" width=\"64\" height=\"64\" src=\"https:\/\/www.termevenezia.it\/wp-content\/uploads\/2023\/12\/Ecology.png\" alt=\"\" class=\"wp-image-11622\"\/><\/figure>\n\n<\/div>\n\n<div class=\"grids-area\" style=\"--_ga-column:3\/10;--_ga-row:1\/7;--_ga-va:center;--_ga-m-desktop:0 0 0 0;--_ga-p-desktop:0 0 0 0;--_ga-bg-desktop:transparent none;--_ga-zi-desktop:auto;--_ga-d-desktop:flex;--_ga-mw-desktop:calc(100% - 0 - 0);--_ga-m-tablet:0 0 0 0;--_ga-p-tablet:0 0 0 0;--_ga-bg-tablet:transparent none;--_ga-zi-tablet:auto;--_ga-d-tablet:flex;--_ga-mw-tablet:calc(100% - 0 - 0);--_ga-m-mobile:20px 0 20px 0;--_ga-p-mobile:0 0 0 0;--_ga-bg-mobile:transparent none;--_ga-zi-mobile:auto;--_ga-d-mobile:flex;--_ga-mw-mobile:calc(100% - 0 - 0)\">\n\n<h3 class=\"wp-block-heading\">Produits de nettoyage biod\u00e9gradables et respectueux de l&rsquo;environnement<\/h3>\n\n\n\n<hr class=\"wp-block-separator has-css-opacity is-style-default\"\/>\n\n\n\n<p>Nous consid\u00e9rons qu&rsquo;il est essentiel de pr\u00e9server l&rsquo;environnement en \u00e9vitant l&rsquo;utilisation de d\u00e9tergents chimiques nocifs. En outre, nous supprimons progressivement l&#8217;emballage en plastique du set de courtoisie et du kit de spa au profit de mat\u00e9riaux plus durables tels que le papier.<\/p>\n\n<\/div>\n<\/div><\/div>\n\n<div  class=\"grids-section grids-is-advanced alignfull\" style=\"--_gs-gap-desktop:0px 0px;--_gs-m-desktop:0 0 0 0;--_gs-p-desktop:0 0 0 0;--_gs-bg-desktop:transparent none;--_gs-bg-xp-desktop:0px;--_gs-zi-desktop:auto;--_gs-d-desktop:block;--_gs-mw-desktop:calc(100% - 0 - 0);--_gs-gap-tablet:0px 0px;--_gs-m-tablet:0 0 0 0;--_gs-p-tablet:0 0 0 0;--_gs-bg-tablet:transparent none;--_gs-bg-xp-tablet:0px;--_gs-zi-tablet:auto;--_gs-d-tablet:block;--_gs-mw-tablet:calc(100% - 0 - 0);--_gs-gap-mobile:0px 0px;--_gs-m-mobile:20px 0 20px 0;--_gs-p-mobile:0 0 0 0;--_gs-bg-mobile:transparent none;--_gs-bg-xp-mobile:0px;--_gs-zi-mobile:auto;--_gs-d-mobile:block;--_gs-mw-mobile:calc(100% - 0 - 0);--_gs-columns:12;--_gs-rows:6\"><div class=\"grids-s-w_i\">\n<div class=\"grids-area\" style=\"--_ga-column:2\/3;--_ga-row:1\/7;--_ga-va:center;--_ga-m-desktop:0 0 0 0;--_ga-p-desktop:0 0 0 0;--_ga-bg-desktop:transparent none;--_ga-zi-desktop:auto;--_ga-d-desktop:flex;--_ga-mw-desktop:calc(100% - 0 - 0);--_ga-m-tablet:0 0 0 0;--_ga-p-tablet:0 0 0 0;--_ga-bg-tablet:transparent none;--_ga-zi-tablet:auto;--_ga-d-tablet:flex;--_ga-mw-tablet:calc(100% - 0 - 0);--_ga-m-mobile:0 0 0 0;--_ga-p-mobile:0 0 0 0;--_ga-bg-mobile:transparent none;--_ga-zi-mobile:auto;--_ga-d-mobile:flex;--_ga-mw-mobile:calc(100% - 0 - 0)\">\n\n<figure class=\"wp-block-image size-full\"><img decoding=\"async\" width=\"64\" height=\"64\" src=\"https:\/\/www.termevenezia.it\/wp-content\/uploads\/2023\/12\/Recycle.png\" alt=\"\" class=\"wp-image-11627\"\/><\/figure>\n\n<\/div>\n\n<div class=\"grids-area\" style=\"--_ga-column:3\/10;--_ga-row:1\/7;--_ga-va:center;--_ga-m-desktop:0 0 0 0;--_ga-p-desktop:0 0 0 0;--_ga-bg-desktop:transparent none;--_ga-zi-desktop:auto;--_ga-d-desktop:flex;--_ga-mw-desktop:calc(100% - 0 - 0);--_ga-m-tablet:0 0 0 0;--_ga-p-tablet:0 0 0 0;--_ga-bg-tablet:transparent none;--_ga-zi-tablet:auto;--_ga-d-tablet:flex;--_ga-mw-tablet:calc(100% - 0 - 0);--_ga-m-mobile:20px 0 20px 0;--_ga-p-mobile:0 0 0 0;--_ga-bg-mobile:transparent none;--_ga-zi-mobile:auto;--_ga-d-mobile:flex;--_ga-mw-mobile:calc(100% - 0 - 0)\">\n\n<h3 class=\"wp-block-heading\">Programmes de recyclage et d&rsquo;\u00e9limination des d\u00e9chets<\/h3>\n\n\n\n<hr class=\"wp-block-separator has-css-opacity is-style-default\"\/>\n\n\n\n<p>Nous encourageons le recyclage au sein de l&rsquo;h\u00f4tel et proposons des bacs de recyclage s\u00e9par\u00e9s.<\/p>\n\n<\/div>\n<\/div><\/div>\n\n<div  class=\"grids-section grids-is-advanced alignfull\" style=\"--_gs-gap-desktop:0px 0px;--_gs-m-desktop:0 0 0 0;--_gs-p-desktop:0 0 0 0;--_gs-bg-desktop:transparent none;--_gs-bg-xp-desktop:0px;--_gs-zi-desktop:auto;--_gs-d-desktop:block;--_gs-mw-desktop:calc(100% - 0 - 0);--_gs-gap-tablet:0px 0px;--_gs-m-tablet:0 0 0 0;--_gs-p-tablet:0 0 0 0;--_gs-bg-tablet:transparent none;--_gs-bg-xp-tablet:0px;--_gs-zi-tablet:auto;--_gs-d-tablet:block;--_gs-mw-tablet:calc(100% - 0 - 0);--_gs-gap-mobile:0px 0px;--_gs-m-mobile:20px 0 20px 0;--_gs-p-mobile:0 0 0 0;--_gs-bg-mobile:transparent none;--_gs-bg-xp-mobile:0px;--_gs-zi-mobile:auto;--_gs-d-mobile:block;--_gs-mw-mobile:calc(100% - 0 - 0);--_gs-columns:12;--_gs-rows:6\"><div class=\"grids-s-w_i\">\n<div class=\"grids-area\" style=\"--_ga-column:2\/3;--_ga-row:1\/7;--_ga-va:center;--_ga-m-desktop:0 0 0 0;--_ga-p-desktop:0 0 0 0;--_ga-bg-desktop:transparent none;--_ga-zi-desktop:auto;--_ga-d-desktop:flex;--_ga-mw-desktop:calc(100% - 0 - 0);--_ga-m-tablet:0 0 0 0;--_ga-p-tablet:0 0 0 0;--_ga-bg-tablet:transparent none;--_ga-zi-tablet:auto;--_ga-d-tablet:flex;--_ga-mw-tablet:calc(100% - 0 - 0);--_ga-m-mobile:0 0 0 0;--_ga-p-mobile:0 0 0 0;--_ga-bg-mobile:transparent none;--_ga-zi-mobile:auto;--_ga-d-mobile:flex;--_ga-mw-mobile:calc(100% - 0 - 0)\">\n\n<figure class=\"wp-block-image size-full\"><img decoding=\"async\" width=\"64\" height=\"64\" src=\"https:\/\/www.termevenezia.it\/wp-content\/uploads\/2023\/12\/Electric-Car.png\" alt=\"\" class=\"wp-image-11632\"\/><\/figure>\n\n<\/div>\n\n<div class=\"grids-area\" style=\"--_ga-column:3\/10;--_ga-row:1\/7;--_ga-va:center;--_ga-m-desktop:0 0 0 0;--_ga-p-desktop:0 0 0 0;--_ga-bg-desktop:transparent none;--_ga-zi-desktop:auto;--_ga-d-desktop:flex;--_ga-mw-desktop:calc(100% - 0 - 0);--_ga-m-tablet:0 0 0 0;--_ga-p-tablet:0 0 0 0;--_ga-bg-tablet:transparent none;--_ga-zi-tablet:auto;--_ga-d-tablet:flex;--_ga-mw-tablet:calc(100% - 0 - 0);--_ga-m-mobile:20px 0 20px 0;--_ga-p-mobile:0 0 0 0;--_ga-bg-mobile:transparent none;--_ga-zi-mobile:auto;--_ga-d-mobile:flex;--_ga-mw-mobile:calc(100% - 0 - 0)\">\n\n<h3 class=\"wp-block-heading\">Bornes de recharge pour voitures \u00e9lectriques<\/h3>\n\n\n\n<hr class=\"wp-block-separator has-css-opacity is-style-default\"\/>\n\n\n\n<p>L&rsquo;h\u00f4tel est \u00e9quip\u00e9 de bornes de recharge pour v\u00e9hicules \u00e9lectriques afin de permettre aux clients de recharger leur v\u00e9hicule pendant leur s\u00e9jour.<\/p>\n\n<\/div>\n<\/div><\/div>\n\n<div  class=\"grids-section grids-is-advanced alignfull\" style=\"--_gs-gap-desktop:0px 0px;--_gs-m-desktop:0 0 0 0;--_gs-p-desktop:0 0 0 0;--_gs-bg-desktop:transparent none;--_gs-bg-xp-desktop:0px;--_gs-zi-desktop:auto;--_gs-d-desktop:block;--_gs-mw-desktop:calc(100% - 0 - 0);--_gs-gap-tablet:0px 0px;--_gs-m-tablet:0 0 0 0;--_gs-p-tablet:0 0 0 0;--_gs-bg-tablet:transparent none;--_gs-bg-xp-tablet:0px;--_gs-zi-tablet:auto;--_gs-d-tablet:block;--_gs-mw-tablet:calc(100% - 0 - 0);--_gs-gap-mobile:0px 0px;--_gs-m-mobile:20px 0 20px 0;--_gs-p-mobile:0 0 0 0;--_gs-bg-mobile:transparent none;--_gs-bg-xp-mobile:0px;--_gs-zi-mobile:auto;--_gs-d-mobile:block;--_gs-mw-mobile:calc(100% - 0 - 0);--_gs-columns:12;--_gs-rows:6\"><div class=\"grids-s-w_i\">\n<div class=\"grids-area\" style=\"--_ga-column:2\/3;--_ga-row:1\/7;--_ga-va:center;--_ga-m-desktop:0 0 0 0;--_ga-p-desktop:0 0 0 0;--_ga-bg-desktop:transparent none;--_ga-zi-desktop:auto;--_ga-d-desktop:flex;--_ga-mw-desktop:calc(100% - 0 - 0);--_ga-m-tablet:0 0 0 0;--_ga-p-tablet:0 0 0 0;--_ga-bg-tablet:transparent none;--_ga-zi-tablet:auto;--_ga-d-tablet:flex;--_ga-mw-tablet:calc(100% - 0 - 0);--_ga-m-mobile:0 0 0 0;--_ga-p-mobile:0 0 0 0;--_ga-bg-mobile:transparent none;--_ga-zi-mobile:auto;--_ga-d-mobile:flex;--_ga-mw-mobile:calc(100% - 0 - 0)\">\n\n<figure class=\"wp-block-image size-full\"><img decoding=\"async\" width=\"64\" height=\"64\" src=\"https:\/\/www.termevenezia.it\/wp-content\/uploads\/2023\/12\/Leaf.png\" alt=\"\" class=\"wp-image-11637\"\/><\/figure>\n\n<\/div>\n\n<div class=\"grids-area\" style=\"--_ga-column:3\/10;--_ga-row:1\/7;--_ga-va:center;--_ga-m-desktop:0 0 0 0;--_ga-p-desktop:0 0 0 0;--_ga-bg-desktop:transparent none;--_ga-zi-desktop:auto;--_ga-d-desktop:flex;--_ga-mw-desktop:calc(100% - 0 - 0);--_ga-m-tablet:0 0 0 0;--_ga-p-tablet:0 0 0 0;--_ga-bg-tablet:transparent none;--_ga-zi-tablet:auto;--_ga-d-tablet:flex;--_ga-mw-tablet:calc(100% - 0 - 0);--_ga-m-mobile:20px 0 20px 0;--_ga-p-mobile:0 0 0 0;--_ga-bg-mobile:transparent none;--_ga-zi-mobile:auto;--_ga-d-mobile:flex;--_ga-mw-mobile:calc(100% - 0 - 0)\">\n\n<h3 class=\"wp-block-heading\">Promouvoir la consommation de produits alimentaires locaux et biologiques<\/h3>\n\n\n\n<hr class=\"wp-block-separator has-css-opacity is-style-default\"\/>\n\n\n\n<p>Les produits Km0 permettent non seulement de r\u00e9duire l&rsquo;impact environnemental, mais aussi de promouvoir les sp\u00e9cialit\u00e9s locales, offrant ainsi une exp\u00e9rience authentique \u00e0 nos h\u00f4tes.<\/p>\n\n<\/div>\n<\/div><\/div>\n\n<div  class=\"grids-section grids-is-advanced alignfull\" style=\"--_gs-gap-desktop:0px 0px;--_gs-m-desktop:30px 0 0 0;--_gs-p-desktop:0 0 0 0;--_gs-bg-desktop:#f6f7f8 none;--_gs-bg-xp-desktop:0px;--_gs-zi-desktop:auto;--_gs-d-desktop:block;--_gs-mw-desktop:calc(100% - 0 - 0);--_gs-gap-tablet:0px 0px;--_gs-m-tablet:30px 0 0 0;--_gs-p-tablet:0 0 0 0;--_gs-bg-tablet:#f6f7f8 none;--_gs-bg-xp-tablet:0px;--_gs-zi-tablet:auto;--_gs-d-tablet:block;--_gs-mw-tablet:calc(100% - 0 - 0);--_gs-gap-mobile:0px 0px;--_gs-m-mobile:30px 0 0 0;--_gs-p-mobile:0 0 0 0;--_gs-bg-mobile:#f6f7f8 none;--_gs-bg-xp-mobile:0px;--_gs-zi-mobile:auto;--_gs-d-mobile:block;--_gs-mw-mobile:calc(100% - 0 - 0);--_gs-columns:12;--_gs-rows:6\"><div class=\"grids-s-w_i\">\n<div class=\"grids-area\" style=\"--_ga-column:9\/12;--_ga-row:2\/7;--_ga-va:center;--_ga-m-desktop:0 0 0 0;--_ga-p-desktop:0 0 0 0;--_ga-bg-desktop:transparent none;--_ga-zi-desktop:auto;--_ga-d-desktop:flex;--_ga-mw-desktop:calc(100% - 0 - 0);--_ga-m-tablet:0 0 0 0;--_ga-p-tablet:0 0 0 0;--_ga-bg-tablet:transparent none;--_ga-zi-tablet:auto;--_ga-d-tablet:flex;--_ga-mw-tablet:calc(100% - 0 - 0);--_ga-m-mobile:30px 0 0 0;--_ga-p-mobile:0 0 0 0;--_ga-bg-mobile:transparent none;--_ga-zi-mobile:auto;--_ga-d-mobile:flex;--_ga-mw-mobile:calc(100% - 0 - 0)\">\n\n<h3 class=\"wp-block-heading\">Encourager les h\u00f4tes \u00e0 adopter un comportement \u00e9cologique<\/h3>\n\n\n\n<hr class=\"wp-block-separator has-css-opacity is-style-default advgb-dyn-ec7714ac\"\/>\n\n\n\n<p>La durabilit\u00e9 environnementale est une <strong>responsabilit\u00e9 partag\u00e9e<\/strong> et chaque petit geste fait la diff\u00e9rence. Nous invitons donc nos h\u00f4tes \u00e0 nous rejoindre dans notre engagement en faveur de la durabilit\u00e9 pendant leur s\u00e9jour.  <\/p>\n\n\n\n<p>De <strong>petites<\/strong> actions telles que l&rsquo;extinction des lumi\u00e8res lorsque l&rsquo;on n&rsquo;est pas dans la pi\u00e8ce, la r\u00e9utilisation des serviettes ou la demande d&rsquo;un changement de draps et de serviettes uniquement lorsque cela est n\u00e9cessaire sont des gestes qui <strong>contribuent de mani\u00e8re significative<\/strong> \u00e0 la r\u00e9duction de l&rsquo;impact environnemental.<\/p>\n\n<\/div>\n\n<div class=\"grids-area\" style=\"--_ga-column:2\/8;--_ga-row:2\/7;--_ga-va:center;--_ga-m-desktop:0 0 0 0;--_ga-p-desktop:0 0 0 0;--_ga-bg-desktop:transparent none;--_ga-zi-desktop:auto;--_ga-d-desktop:flex;--_ga-mw-desktop:calc(100% - 0 - 0);--_ga-m-tablet:0 0 0 0;--_ga-p-tablet:0 0 0 0;--_ga-bg-tablet:transparent none;--_ga-zi-tablet:auto;--_ga-d-tablet:flex;--_ga-mw-tablet:calc(100% - 0 - 0);--_ga-m-mobile:0 0 0 0;--_ga-p-mobile:0 0 0 0;--_ga-bg-mobile:transparent none;--_ga-zi-mobile:auto;--_ga-d-mobile:flex;--_ga-mw-mobile:calc(100% - 0 - 0)\">\n\n    <div class=\"custom-gallery-wrapper\">\n                <img decoding=\"async\" class=\"enable-fullscreen\" src=\"https:\/\/www.termevenezia.it\/wp-content\/themes\/jampaa\/assets\/images\/fullscreen.png\" onclick=\"showHideFotorama('custom-gallery_1', 0);\" \/>\n                \n            <div class=\"gallery-wrapper-image-single gallery-wrapper-image-0 gallery-wrapper-image-image\">\n                                    <figure class=\"full-width gallery-wrapper-image\" onclick=\"showHideFotorama('custom-gallery_1', 0);\" style=\"background-color: #8b8f74;\">\n                        <img decoding=\"async\" class=\"gallery-wrapper-image-small\" src=\"https:\/\/www.termevenezia.it\/wp-content\/uploads\/2021\/08\/slide-camere-wellness-hotel-terme-venezia-abano-1.jpg\">\n                    <\/figure>\n                                                <\/div>\n                    \n            <div class=\"gallery-wrapper-image-single gallery-wrapper-image-1 gallery-wrapper-image-image\">\n                                    <figure class=\"full-width gallery-wrapper-image\" onclick=\"showHideFotorama('custom-gallery_1', 1);\" style=\"background-color: #a0a396;\">\n                        <img decoding=\"async\" class=\"gallery-wrapper-image-small\" src=\"https:\/\/www.termevenezia.it\/wp-content\/uploads\/2021\/06\/camera-elegance-verde-hotel-venezia-abano_03.jpg\">\n                    <\/figure>\n                                                <\/div>\n                    \n            <div class=\"gallery-wrapper-image-single gallery-wrapper-image-2 gallery-wrapper-image-image\">\n                                    <figure class=\"full-width gallery-wrapper-image\" onclick=\"showHideFotorama('custom-gallery_1', 2);\" style=\"background-color: #68715b;\">\n                        <img decoding=\"async\" class=\"gallery-wrapper-image-small\" src=\"https:\/\/www.termevenezia.it\/wp-content\/uploads\/2021\/06\/camera-elegance-verde-hotel-venezia-abano_07.jpg\">\n                    <\/figure>\n                                                <\/div>\n                        <\/div>\n\n    <div style=\"width:1px;height:1px;position:absolute;\" name=\"fotorama\" id=\"custom-gallery_1\" class=\"fotorama\" data-width=\"100%\" data-loop=\"true\" data-nav=\"thumbs\"  data-allowfullscreen=\"true\" >\n                            <img decoding=\"async\" src=\"https:\/\/www.termevenezia.it\/wp-content\/uploads\/2021\/08\/slide-camere-wellness-hotel-terme-venezia-abano-1.jpg\" class=\"attachment-full skip-lazy\" data-caption=\"1\" \/>\n                                <img decoding=\"async\" src=\"https:\/\/www.termevenezia.it\/wp-content\/uploads\/2021\/06\/camera-elegance-verde-hotel-venezia-abano_03.jpg\" class=\"attachment-full skip-lazy\" data-caption=\"2\" \/>\n                                <img decoding=\"async\" src=\"https:\/\/www.termevenezia.it\/wp-content\/uploads\/2021\/06\/camera-elegance-verde-hotel-venezia-abano_07.jpg\" class=\"attachment-full skip-lazy\" data-caption=\"3\" \/>\n                        <\/div>\n\n\n\n<\/div>\n\n<div class=\"grids-area\" style=\"--_ga-column:2\/12;--_ga-row:1\/2;--_ga-m-desktop:15px 0 15px 0;--_ga-p-desktop:0 0 0 0;--_ga-bg-desktop:transparent none;--_ga-zi-desktop:auto;--_ga-d-desktop:flex;--_ga-mw-desktop:calc(100% - 0 - 0);--_ga-m-tablet:15px 0 15px 0;--_ga-p-tablet:0 0 0 0;--_ga-bg-tablet:transparent none;--_ga-zi-tablet:auto;--_ga-d-tablet:flex;--_ga-mw-tablet:calc(100% - 0 - 0);--_ga-m-mobile:15px 0 15px 0;--_ga-p-mobile:0 0 0 0;--_ga-bg-mobile:transparent none;--_ga-zi-mobile:auto;--_ga-d-mobile:flex;--_ga-mw-mobile:calc(100% - 0 - 0)\">\n\n<h3 class=\"wp-block-heading has-text-align-center\">Nous vous <em>remercions de participer \u00e0 notre engagement en faveur d&rsquo;un tourisme plus responsable et plus respectueux de l&rsquo;environnement<\/em>.<\/h3>\n\n<\/div>\n<\/div><\/div>\n\n<div  class=\"grids-section image-boxed-blue grids-is-advanced alignfull\" style=\"--_gs-gap-desktop:0px 0px;--_gs-m-desktop:0 0 0 0;--_gs-p-desktop:0 0 0 0;--_gs-bg-desktop:transparent url(https:\/\/www.termevenezia.it\/wp-content\/uploads\/2021\/07\/terme-venezia-webapp.jpg) no-repeat 50% 50%;--_gs-bg-xp-desktop:0px;--_gs-zi-desktop:auto;--_gs-d-desktop:block;--_gs-mw-desktop:calc(100% - 0 - 0);--_gs-gap-tablet:0px 0px;--_gs-m-tablet:0 0 0 0;--_gs-p-tablet:0 0 0 0;--_gs-bg-tablet:transparent url(https:\/\/www.termevenezia.it\/wp-content\/uploads\/2021\/07\/terme-venezia-webapp.jpg) no-repeat 50% 50%;--_gs-bg-xp-tablet:0px;--_gs-zi-tablet:auto;--_gs-d-tablet:block;--_gs-mw-tablet:calc(100% - 0 - 0);--_gs-gap-mobile:0px 0px;--_gs-m-mobile:0 0 0 0;--_gs-p-mobile:0 0 0 0;--_gs-bg-mobile:transparent url(https:\/\/www.termevenezia.it\/wp-content\/uploads\/2021\/07\/terme-venezia-webapp.jpg) no-repeat 50% 50%;--_gs-bg-xp-mobile:0px;--_gs-zi-mobile:auto;--_gs-d-mobile:block;--_gs-mw-mobile:calc(100% - 0 - 0);--_gs-columns:12;--_gs-rows:6\"><div class=\"grids-s-w_i\">\n<div class=\"grids-area text-align-left-mobile\" style=\"--_ga-column:5\/9;--_ga-row:1\/4;--_ga-m-desktop:0 0 0 0;--_ga-p-desktop:0 0 0 0;--_ga-bg-desktop:transparent none;--_ga-zi-desktop:auto;--_ga-d-desktop:flex;--_ga-mw-desktop:calc(100% - 0 - 0);--_ga-m-tablet:0 0 0 0;--_ga-p-tablet:0 0 0 0;--_ga-bg-tablet:transparent none;--_ga-zi-tablet:auto;--_ga-d-tablet:flex;--_ga-mw-tablet:calc(100% - 0 - 0);--_ga-m-mobile:0 0 0 0;--_ga-p-mobile:0 20px 0 20px;--_ga-bg-mobile:transparent none;--_ga-zi-mobile:auto;--_ga-d-mobile:flex;--_ga-mw-mobile:calc(100% - 0 - 0)\">\n\n<h2 class=\"wp-block-heading has-text-align-center\">Avez-vous des id\u00e9es ou des suggestions ?<\/h2>\n\n\n\n<hr class=\"wp-block-separator has-css-opacity is-style-default advgb-dyn-ec7714ac\"\/>\n\n\n\n<p class=\"has-text-align-center\"><strong>Faites-nous part de vos id\u00e9es<\/strong> sur d&rsquo;autres initiatives durables que nous pourrions prendre pour am\u00e9liorer l&rsquo;exp\u00e9rience de nos h\u00f4tes et r\u00e9duire notre impact sur l&rsquo;environnement.<\/p>\n\n\n\n<p class=\"has-text-align-center\">Votre contribution est essentielle pour nous, et nous sommes pr\u00eats \u00e0 \u00e9couter et \u00e0 mettre en \u0153uvre de nouvelles solutions pour un s\u00e9jour plus durable !<\/p>\n\n\n\n<a href=\"mailto:venezia@termevenezia.it\" class=\"btn mx-auto text-align-left-mobile\">nous \u00e9crire<\/a>\n\n<\/div>\n<\/div><\/div>","protected":false},"excerpt":{"rendered":"","protected":false},"author":7,"featured_media":7602,"parent":0,"menu_order":0,"comment_status":"closed","ping_status":"closed","template":"","meta":{"_acf_changed":false,"advgb_blocks_editor_width":"","advgb_blocks_columns_visual_guide":"","footnotes":""},"class_list":["post-11571","page","type-page","status-publish","has-post-thumbnail","hentry","entry"],"acf":[],"yoast_head":"<!-- This site is optimized with the Yoast SEO plugin v25.7 - https:\/\/yoast.com\/wordpress\/plugins\/seo\/ -->\n<title>H\u00f4tels \u00e9cologiques 4 \u00e9toiles et hospitalit\u00e9 durable | Terme Venezia.<\/title>\n<meta name=\"description\" content=\"L&#039;h\u00f4tel Terme Venezia prend soin de l&#039;environnement.\" \/>\n<meta name=\"robots\" content=\"index, follow, max-snippet:-1, max-image-preview:large, max-video-preview:-1\" \/>\n<link rel=\"canonical\" href=\"https:\/\/www.termevenezia.it\/fr\/durabilite\/\" \/>\n<meta property=\"og:locale\" content=\"fr_FR\" \/>\n<meta property=\"og:type\" content=\"article\" \/>\n<meta property=\"og:title\" content=\"H\u00f4tels \u00e9cologiques 4 \u00e9toiles et hospitalit\u00e9 durable | Terme Venezia.\" \/>\n<meta property=\"og:description\" content=\"L&#039;h\u00f4tel Terme Venezia prend soin de l&#039;environnement.\" \/>\n<meta property=\"og:url\" content=\"https:\/\/www.termevenezia.it\/fr\/durabilite\/\" \/>\n<meta property=\"og:site_name\" content=\"Terme Venezia\" \/>\n<meta property=\"article:modified_time\" content=\"2023-12-19T14:19:28+00:00\" \/>\n<meta property=\"og:image\" content=\"https:\/\/www.termevenezia.it\/wp-content\/uploads\/2021\/10\/silde-facciata-Hotel-Venezia-Abano.jpg\" \/>\n\t<meta property=\"og:image:width\" content=\"2000\" \/>\n\t<meta property=\"og:image:height\" content=\"714\" \/>\n\t<meta property=\"og:image:type\" content=\"image\/jpeg\" \/>\n<meta name=\"twitter:card\" content=\"summary_large_image\" \/>\n<meta name=\"twitter:label1\" content=\"Dur\u00e9e de lecture estim\u00e9e\" \/>\n\t<meta name=\"twitter:data1\" content=\"4 minutes\" \/>\n<script type=\"application\/ld+json\" class=\"yoast-schema-graph\">{\"@context\":\"https:\/\/schema.org\",\"@graph\":[{\"@type\":\"WebPage\",\"@id\":\"https:\/\/www.termevenezia.it\/fr\/durabilite\/\",\"url\":\"https:\/\/www.termevenezia.it\/fr\/durabilite\/\",\"name\":\"H\u00f4tels \u00e9cologiques 4 \u00e9toiles et hospitalit\u00e9 durable | Terme Venezia.\",\"isPartOf\":{\"@id\":\"https:\/\/www.termevenezia.it\/fr\/#website\"},\"primaryImageOfPage\":{\"@id\":\"https:\/\/www.termevenezia.it\/fr\/durabilite\/#primaryimage\"},\"image\":{\"@id\":\"https:\/\/www.termevenezia.it\/fr\/durabilite\/#primaryimage\"},\"thumbnailUrl\":\"https:\/\/www.termevenezia.it\/wp-content\/uploads\/2021\/10\/silde-facciata-Hotel-Venezia-Abano.jpg\",\"datePublished\":\"2023-12-19T13:55:37+00:00\",\"dateModified\":\"2023-12-19T14:19:28+00:00\",\"description\":\"L'h\u00f4tel Terme Venezia prend soin de l'environnement.\",\"breadcrumb\":{\"@id\":\"https:\/\/www.termevenezia.it\/fr\/durabilite\/#breadcrumb\"},\"inLanguage\":\"fr-FR\",\"potentialAction\":[{\"@type\":\"ReadAction\",\"target\":[\"https:\/\/www.termevenezia.it\/fr\/durabilite\/\"]}]},{\"@type\":\"ImageObject\",\"inLanguage\":\"fr-FR\",\"@id\":\"https:\/\/www.termevenezia.it\/fr\/durabilite\/#primaryimage\",\"url\":\"https:\/\/www.termevenezia.it\/wp-content\/uploads\/2021\/10\/silde-facciata-Hotel-Venezia-Abano.jpg\",\"contentUrl\":\"https:\/\/www.termevenezia.it\/wp-content\/uploads\/2021\/10\/silde-facciata-Hotel-Venezia-Abano.jpg\",\"width\":2000,\"height\":714},{\"@type\":\"BreadcrumbList\",\"@id\":\"https:\/\/www.termevenezia.it\/fr\/durabilite\/#breadcrumb\",\"itemListElement\":[{\"@type\":\"ListItem\",\"position\":1,\"name\":\"\",\"item\":\"https:\/\/www.termevenezia.it\/fr\/\"},{\"@type\":\"ListItem\",\"position\":2,\"name\":\"Durabilit\u00e9\"}]},{\"@type\":\"WebSite\",\"@id\":\"https:\/\/www.termevenezia.it\/fr\/#website\",\"url\":\"https:\/\/www.termevenezia.it\/fr\/\",\"name\":\"Terme Venezia\",\"description\":\"\",\"potentialAction\":[{\"@type\":\"SearchAction\",\"target\":{\"@type\":\"EntryPoint\",\"urlTemplate\":\"https:\/\/www.termevenezia.it\/fr\/?s={search_term_string}\"},\"query-input\":{\"@type\":\"PropertyValueSpecification\",\"valueRequired\":true,\"valueName\":\"search_term_string\"}}],\"inLanguage\":\"fr-FR\"}]}<\/script>\n<!-- \/ Yoast SEO plugin. -->","yoast_head_json":{"title":"H\u00f4tels \u00e9cologiques 4 \u00e9toiles et hospitalit\u00e9 durable | Terme Venezia.","description":"L'h\u00f4tel Terme Venezia prend soin de l'environnement.","robots":{"index":"index","follow":"follow","max-snippet":"max-snippet:-1","max-image-preview":"max-image-preview:large","max-video-preview":"max-video-preview:-1"},"canonical":"https:\/\/www.termevenezia.it\/fr\/durabilite\/","og_locale":"fr_FR","og_type":"article","og_title":"H\u00f4tels \u00e9cologiques 4 \u00e9toiles et hospitalit\u00e9 durable | Terme Venezia.","og_description":"L'h\u00f4tel Terme Venezia prend soin de l'environnement.","og_url":"https:\/\/www.termevenezia.it\/fr\/durabilite\/","og_site_name":"Terme Venezia","article_modified_time":"2023-12-19T14:19:28+00:00","og_image":[{"width":2000,"height":714,"url":"https:\/\/www.termevenezia.it\/wp-content\/uploads\/2021\/10\/silde-facciata-Hotel-Venezia-Abano.jpg","type":"image\/jpeg"}],"twitter_card":"summary_large_image","twitter_misc":{"Dur\u00e9e de lecture estim\u00e9e":"4 minutes"},"schema":{"@context":"https:\/\/schema.org","@graph":[{"@type":"WebPage","@id":"https:\/\/www.termevenezia.it\/fr\/durabilite\/","url":"https:\/\/www.termevenezia.it\/fr\/durabilite\/","name":"H\u00f4tels \u00e9cologiques 4 \u00e9toiles et hospitalit\u00e9 durable | Terme Venezia.","isPartOf":{"@id":"https:\/\/www.termevenezia.it\/fr\/#website"},"primaryImageOfPage":{"@id":"https:\/\/www.termevenezia.it\/fr\/durabilite\/#primaryimage"},"image":{"@id":"https:\/\/www.termevenezia.it\/fr\/durabilite\/#primaryimage"},"thumbnailUrl":"https:\/\/www.termevenezia.it\/wp-content\/uploads\/2021\/10\/silde-facciata-Hotel-Venezia-Abano.jpg","datePublished":"2023-12-19T13:55:37+00:00","dateModified":"2023-12-19T14:19:28+00:00","description":"L'h\u00f4tel Terme Venezia prend soin de l'environnement.","breadcrumb":{"@id":"https:\/\/www.termevenezia.it\/fr\/durabilite\/#breadcrumb"},"inLanguage":"fr-FR","potentialAction":[{"@type":"ReadAction","target":["https:\/\/www.termevenezia.it\/fr\/durabilite\/"]}]},{"@type":"ImageObject","inLanguage":"fr-FR","@id":"https:\/\/www.termevenezia.it\/fr\/durabilite\/#primaryimage","url":"https:\/\/www.termevenezia.it\/wp-content\/uploads\/2021\/10\/silde-facciata-Hotel-Venezia-Abano.jpg","contentUrl":"https:\/\/www.termevenezia.it\/wp-content\/uploads\/2021\/10\/silde-facciata-Hotel-Venezia-Abano.jpg","width":2000,"height":714},{"@type":"BreadcrumbList","@id":"https:\/\/www.termevenezia.it\/fr\/durabilite\/#breadcrumb","itemListElement":[{"@type":"ListItem","position":1,"name":"","item":"https:\/\/www.termevenezia.it\/fr\/"},{"@type":"ListItem","position":2,"name":"Durabilit\u00e9"}]},{"@type":"WebSite","@id":"https:\/\/www.termevenezia.it\/fr\/#website","url":"https:\/\/www.termevenezia.it\/fr\/","name":"Terme Venezia","description":"","potentialAction":[{"@type":"SearchAction","target":{"@type":"EntryPoint","urlTemplate":"https:\/\/www.termevenezia.it\/fr\/?s={search_term_string}"},"query-input":{"@type":"PropertyValueSpecification","valueRequired":true,"valueName":"search_term_string"}}],"inLanguage":"fr-FR"}]}},"coauthors":[],"author_meta":{"author_link":"https:\/\/www.termevenezia.it\/fr\/author\/hotel-terme-venezia\/","display_name":"Hotel Terme Venezia"},"relative_dates":{"created":"Publi\u00e9 2 ans il y a","modified":"Mis \u00e0 jour 2 ans il y a"},"absolute_dates":{"created":"Publi\u00e9 le d\u00e9cembre 19, 2023","modified":"Mise \u00e0 jour le d\u00e9cembre 19, 2023"},"absolute_dates_time":{"created":"Publi\u00e9 le d\u00e9cembre 19, 2023 2:55 pm","modified":"Mise \u00e0 jour le d\u00e9cembre 19, 2023 3:19 pm"},"featured_img_caption":"","featured_img":"https:\/\/www.termevenezia.it\/wp-content\/uploads\/2021\/10\/silde-facciata-Hotel-Venezia-Abano-1568x560.jpg","series_order":"","_links":{"self":[{"href":"https:\/\/www.termevenezia.it\/fr\/wp-json\/wp\/v2\/pages\/11571","targetHints":{"allow":["GET"]}}],"collection":[{"href":"https:\/\/www.termevenezia.it\/fr\/wp-json\/wp\/v2\/pages"}],"about":[{"href":"https:\/\/www.termevenezia.it\/fr\/wp-json\/wp\/v2\/types\/page"}],"author":[{"embeddable":true,"href":"https:\/\/www.termevenezia.it\/fr\/wp-json\/wp\/v2\/users\/7"}],"replies":[{"embeddable":true,"href":"https:\/\/www.termevenezia.it\/fr\/wp-json\/wp\/v2\/comments?post=11571"}],"version-history":[{"count":5,"href":"https:\/\/www.termevenezia.it\/fr\/wp-json\/wp\/v2\/pages\/11571\/revisions"}],"predecessor-version":[{"id":11710,"href":"https:\/\/www.termevenezia.it\/fr\/wp-json\/wp\/v2\/pages\/11571\/revisions\/11710"}],"wp:featuredmedia":[{"embeddable":true,"href":"https:\/\/www.termevenezia.it\/fr\/wp-json\/wp\/v2\/media\/7602"}],"wp:attachment":[{"href":"https:\/\/www.termevenezia.it\/fr\/wp-json\/wp\/v2\/media?parent=11571"}],"curies":[{"name":"wp","href":"https:\/\/api.w.org\/{rel}","templated":true}]}}