{"id":2914,"date":"2021-08-27T10:35:00","date_gmt":"2021-08-27T08:35:00","guid":{"rendered":"https:\/\/www.termevenezia.it\/?page_id=2914"},"modified":"2021-11-23T17:52:16","modified_gmt":"2021-11-23T16:52:16","slug":"reunions-d-entreprise","status":"publish","type":"page","link":"https:\/\/www.termevenezia.it\/fr\/reunions-d-entreprise\/","title":{"rendered":"Business et Spa h\u00f4tel \u00e0 Abano Terme"},"content":{"rendered":"<div  class=\"grids-section grids-is-advanced\" style=\"--_gs-gap-desktop:0px 0px;--_gs-m-desktop:0 0 0 0;--_gs-p-desktop:0 0 0 0;--_gs-bg-desktop:transparent none;--_gs-bg-xp-desktop:0px;--_gs-zi-desktop:auto;--_gs-d-desktop:block;--_gs-mw-desktop:calc(100% - 0 - 0);--_gs-gap-tablet:0px 0px;--_gs-m-tablet:0 0 0 0;--_gs-p-tablet:0 0 0 0;--_gs-bg-tablet:transparent none;--_gs-bg-xp-tablet:0px;--_gs-zi-tablet:auto;--_gs-d-tablet:block;--_gs-mw-tablet:calc(100% - 0 - 0);--_gs-gap-mobile:0px 0px;--_gs-m-mobile:0 0 0 0;--_gs-p-mobile:0 0 0 0;--_gs-bg-mobile:transparent none;--_gs-bg-xp-mobile:0px;--_gs-zi-mobile:auto;--_gs-d-mobile:block;--_gs-mw-mobile:calc(100% - 0 - 0);--_gs-columns:12;--_gs-rows:6\"><div class=\"grids-s-w_i\">\n<div class=\"grids-area text-align-left-mobile\" style=\"--_ga-column:3\/11;--_ga-row:1\/2;--_ga-m-desktop:20px 0 0 0;--_ga-p-desktop:0 0 0 0;--_ga-bg-desktop:transparent none;--_ga-zi-desktop:auto;--_ga-d-desktop:flex;--_ga-mw-desktop:calc(100% - 0 - 0);--_ga-m-tablet:20px 0 0 0;--_ga-p-tablet:0 0 0 0;--_ga-bg-tablet:transparent none;--_ga-zi-tablet:auto;--_ga-d-tablet:flex;--_ga-mw-tablet:calc(100% - 0 - 0);--_ga-m-mobile:20px 0 0 0;--_ga-p-mobile:0 0 0 0;--_ga-bg-mobile:transparent none;--_ga-zi-mobile:auto;--_ga-d-mobile:flex;--_ga-mw-mobile:calc(100% - 0 - 0)\">\n\n<p class=\"has-text-align-center\">La <strong>salle de conf\u00e9rence<\/strong> de l&rsquo;<strong>H\u00f4tel Terme Venezia<\/strong> est l&rsquo;endroit id\u00e9al pour les r\u00e9unions, les conf\u00e9rences, les \u00e9v\u00e9nements, les cours de formation, les cours de mise \u00e0 jour et les r\u00e9unions d&rsquo;entreprise.<\/p>\n\n\n\n<p class=\"has-text-align-center\">Un lieu unique et exclusif au c\u0153ur d&rsquo;Abano, pens\u00e9 pour les entreprises qui souhaitent donner \u00e0 leurs \u00e9v\u00e9nements une touche d&rsquo;originalit\u00e9 et d&rsquo;exclusivit\u00e9, alliant affaires et d\u00e9tente pendant leur s\u00e9jour professionnel.<\/p>\n\n<\/div>\n<\/div><\/div>\n\n<div  class=\"grids-section grids-is-advanced alignfull\" style=\"--_gs-gap-desktop:0px 0px;--_gs-m-desktop:0 0 0 0;--_gs-p-desktop:0 0 0 0;--_gs-bg-desktop:transparent none;--_gs-bg-xp-desktop:0px;--_gs-zi-desktop:auto;--_gs-d-desktop:block;--_gs-mw-desktop:calc(100% - 0 - 0);--_gs-gap-tablet:0px 0px;--_gs-m-tablet:0 0 0 0;--_gs-p-tablet:0 0 0 0;--_gs-bg-tablet:transparent none;--_gs-bg-xp-tablet:0px;--_gs-zi-tablet:auto;--_gs-d-tablet:block;--_gs-mw-tablet:calc(100% - 0 - 0);--_gs-gap-mobile:0px 0px;--_gs-m-mobile:20px 0 20px 0;--_gs-p-mobile:0 0 0 0;--_gs-bg-mobile:transparent none;--_gs-bg-xp-mobile:0px;--_gs-zi-mobile:auto;--_gs-d-mobile:block;--_gs-mw-mobile:calc(100% - 0 - 0);--_gs-columns:12;--_gs-rows:6\"><div class=\"grids-s-w_i\">\n<div class=\"grids-area\" style=\"--_ga-column:2\/5;--_ga-row:1\/7;--_ga-va:center;--_ga-m-desktop:0 0 0 0;--_ga-p-desktop:0 0 0 0;--_ga-bg-desktop:transparent none;--_ga-zi-desktop:auto;--_ga-d-desktop:flex;--_ga-mw-desktop:calc(100% - 0 - 0);--_ga-m-tablet:0 0 0 0;--_ga-p-tablet:0 0 0 0;--_ga-bg-tablet:transparent none;--_ga-zi-tablet:auto;--_ga-d-tablet:flex;--_ga-mw-tablet:calc(100% - 0 - 0);--_ga-m-mobile:0 0 0 0;--_ga-p-mobile:0 0 0 0;--_ga-bg-mobile:transparent none;--_ga-zi-mobile:auto;--_ga-d-mobile:flex;--_ga-mw-mobile:calc(100% - 0 - 0)\">\n\n<h2 class=\"wp-block-heading\">Salle de conf\u00e9rence<\/h2>\n\n\n\n<h3 class=\"wp-block-heading\">Business H\u00f4tel Terme Venezia<\/h3>\n\n\n\n<hr class=\"wp-block-separator is-style-default\"\/>\n\n\n\n<p>Salle de 300 m2 avec acc\u00e8s privatif et grand hall, capacit\u00e9 d\u2019accueil jusqu&rsquo;\u00e0 130 personnes.<\/p>\n\n\n\n<p>Un lieu enti\u00e8rement \u00e9quip\u00e9 pour r\u00e9pondre au mieux aux besoins de chaque \u00e9v\u00e9nement :<\/p>\n\n\n\n<ul class=\"wp-block-list\"><li>Wi-fi gratuit<\/li><li>Bande \u00e0 10 m\u00e9gas<\/li><li>Vid\u00e9oprojecteur connectable au PC<\/li><li>Syst\u00e8me audio<\/li><li>\u00c9clairage avec lumi\u00e8re artificielle<\/li><li>\u00c9cran<\/li><\/ul>\n\n\n\n<\/div>\n\n<div class=\"grids-area\" style=\"--_ga-column:6\/12;--_ga-row:1\/7;--_ga-va:center;--_ga-m-desktop:0 0 0 0;--_ga-p-desktop:0 0 0 0;--_ga-bg-desktop:transparent none;--_ga-zi-desktop:auto;--_ga-d-desktop:flex;--_ga-mw-desktop:calc(100% - 0 - 0);--_ga-m-tablet:0 0 0 0;--_ga-p-tablet:0 0 0 0;--_ga-bg-tablet:transparent none;--_ga-zi-tablet:auto;--_ga-d-tablet:flex;--_ga-mw-tablet:calc(100% - 0 - 0);--_ga-m-mobile:0 0 0 0;--_ga-p-mobile:0 0 0 0;--_ga-bg-mobile:transparent none;--_ga-zi-mobile:auto;--_ga-d-mobile:flex;--_ga-mw-mobile:calc(100% - 0 - 0)\">\n\n<figure class=\"wp-block-image size-large border-rounded\"><img style=\"background-color: #9a9483;\" decoding=\"async\" width=\"1024\" height=\"683\" src=\"https:\/\/www.termevenezia.it\/wp-content\/uploads\/2021\/10\/sale-meeting-hotel-venezia-abano-1024x683.jpg\" alt=\"\" class=\"wp-image-7607\" srcset=\"https:\/\/www.termevenezia.it\/wp-content\/uploads\/2021\/10\/sale-meeting-hotel-venezia-abano-1024x683.jpg 1024w, https:\/\/www.termevenezia.it\/wp-content\/uploads\/2021\/10\/sale-meeting-hotel-venezia-abano-300x200.jpg 300w, https:\/\/www.termevenezia.it\/wp-content\/uploads\/2021\/10\/sale-meeting-hotel-venezia-abano-768x512.jpg 768w, https:\/\/www.termevenezia.it\/wp-content\/uploads\/2021\/10\/sale-meeting-hotel-venezia-abano-1536x1024.jpg 1536w, https:\/\/www.termevenezia.it\/wp-content\/uploads\/2021\/10\/sale-meeting-hotel-venezia-abano-1568x1045.jpg 1568w, https:\/\/www.termevenezia.it\/wp-content\/uploads\/2021\/10\/sale-meeting-hotel-venezia-abano.jpg 1800w\" sizes=\"(max-width: 1024px) 100vw, 1024px\" \/><\/figure>\n\n<\/div>\n<\/div><\/div>\n\n<div  class=\"grids-section grids-is-advanced alignfull\" style=\"--_gs-gap-desktop:0px 0px;--_gs-m-desktop:0 0 0 0;--_gs-p-desktop:0 0 0 0;--_gs-bg-desktop:transparent none;--_gs-bg-xp-desktop:0px;--_gs-zi-desktop:auto;--_gs-d-desktop:block;--_gs-mw-desktop:calc(100% - 0 - 0);--_gs-gap-tablet:0px 0px;--_gs-m-tablet:0 0 0 0;--_gs-p-tablet:0 0 0 0;--_gs-bg-tablet:transparent none;--_gs-bg-xp-tablet:0px;--_gs-zi-tablet:auto;--_gs-d-tablet:block;--_gs-mw-tablet:calc(100% - 0 - 0);--_gs-gap-mobile:0px 0px;--_gs-m-mobile:20px 0 20px 0;--_gs-p-mobile:0 0 0 0;--_gs-bg-mobile:transparent none;--_gs-bg-xp-mobile:0px;--_gs-zi-mobile:auto;--_gs-d-mobile:block;--_gs-mw-mobile:calc(100% - 0 - 0);--_gs-columns:12;--_gs-rows:6\"><div class=\"grids-s-w_i\">\n<div class=\"grids-area\" style=\"--_ga-column:2\/8;--_ga-row:1\/7;--_ga-va:center;--_ga-m-desktop:0 0 0 0;--_ga-p-desktop:0 0 0 0;--_ga-bg-desktop:transparent none;--_ga-zi-desktop:auto;--_ga-d-desktop:flex;--_ga-mw-desktop:calc(100% - 0 - 0);--_ga-m-tablet:0 0 0 0;--_ga-p-tablet:0 0 0 0;--_ga-bg-tablet:transparent none;--_ga-zi-tablet:auto;--_ga-d-tablet:flex;--_ga-mw-tablet:calc(100% - 0 - 0);--_ga-m-mobile:20px 0 20px 0;--_ga-p-mobile:0 0 0 0;--_ga-bg-mobile:transparent none;--_ga-zi-mobile:auto;--_ga-d-mobile:flex;--_ga-mw-mobile:calc(100% - 0 - 0)\">\n\n<h3 class=\"wp-block-heading\">Salle \u00e9quip\u00e9e pour les \u00e9v\u00e9nements et les conf\u00e9rences<\/h3>\n\n\n\n<hr class=\"wp-block-separator is-style-default\"\/>\n\n\n\n<p>Pour vous assurer de tout avoir pour votre r\u00e9union, vous pouvez compter sur le soutien qualifi\u00e9 de notre personnel, pr\u00eat \u00e0 fournir \u00e0 leurs h\u00f4tes tout le soutien n\u00e9cessaire pendant la pr\u00e9paration et l&rsquo;organisation de leur \u00e9v\u00e9nement.<\/p>\n\n<\/div>\n<\/div><\/div>\n\n<div  class=\"grids-section grids-is-advanced\" style=\"--_gs-gap-desktop:0px 0px;--_gs-m-desktop:0 0 0 0;--_gs-p-desktop:0 0 0 0;--_gs-bg-desktop:transparent none;--_gs-bg-xp-desktop:0px;--_gs-zi-desktop:auto;--_gs-d-desktop:block;--_gs-mw-desktop:calc(100% - 0 - 0);--_gs-gap-tablet:0px 0px;--_gs-m-tablet:0 0 0 0;--_gs-p-tablet:0 0 0 0;--_gs-bg-tablet:transparent none;--_gs-bg-xp-tablet:0px;--_gs-zi-tablet:auto;--_gs-d-tablet:block;--_gs-mw-tablet:calc(100% - 0 - 0);--_gs-gap-mobile:0px 0px;--_gs-m-mobile:0 0 0 0;--_gs-p-mobile:0 0 0 0;--_gs-bg-mobile:transparent none;--_gs-bg-xp-mobile:0px;--_gs-zi-mobile:auto;--_gs-d-mobile:block;--_gs-mw-mobile:calc(100% - 0 - 0);--_gs-columns:12;--_gs-rows:6\"><div class=\"grids-s-w_i\">\n<div class=\"grids-area\" style=\"--_ga-column:1\/13;--_ga-row:1\/2;--_ga-m-desktop:0 0 0 0;--_ga-p-desktop:0 0 0 0;--_ga-bg-desktop:transparent none;--_ga-zi-desktop:auto;--_ga-d-desktop:flex;--_ga-mw-desktop:calc(100% - 0 - 0);--_ga-m-tablet:0 0 0 0;--_ga-p-tablet:0 0 0 0;--_ga-bg-tablet:transparent none;--_ga-zi-tablet:auto;--_ga-d-tablet:flex;--_ga-mw-tablet:calc(100% - 0 - 0);--_ga-m-mobile:20px 0 20px 0;--_ga-p-mobile:0 0 0 0;--_ga-bg-mobile:transparent none;--_ga-zi-mobile:auto;--_ga-d-mobile:flex;--_ga-mw-mobile:calc(100% - 0 - 0)\">\n<div  class=\"grids-section grids-is-advanced\" style=\"--_gs-gap-desktop:0px 0px;--_gs-m-desktop:0 0 0 0;--_gs-p-desktop:0 0 0 0;--_gs-bg-desktop:#f6f7f8 none;--_gs-bg-xp-desktop:0px;--_gs-zi-desktop:auto;--_gs-d-desktop:block;--_gs-mw-desktop:calc(100% - 0 - 0);--_gs-gap-tablet:0px 0px;--_gs-m-tablet:0 0 0 0;--_gs-p-tablet:0 0 0 0;--_gs-bg-tablet:#f6f7f8 none;--_gs-bg-xp-tablet:0px;--_gs-zi-tablet:auto;--_gs-d-tablet:block;--_gs-mw-tablet:calc(100% - 0 - 0);--_gs-gap-mobile:0px 0px;--_gs-m-mobile:0 0 0 0;--_gs-p-mobile:20px 0 20px 0;--_gs-bg-mobile:#f6f7f8 none;--_gs-bg-xp-mobile:0px;--_gs-zi-mobile:auto;--_gs-d-mobile:block;--_gs-mw-mobile:calc(100% - 0 - 0);--_gs-columns:12;--_gs-rows:6\"><div class=\"grids-s-w_i\">\n<div class=\"grids-area text-align-left-mobile\" style=\"--_ga-column:2\/12;--_ga-row:1\/2;--_ga-m-desktop:0 0 0 0;--_ga-p-desktop:0 0 0 0;--_ga-bg-desktop:transparent none;--_ga-zi-desktop:auto;--_ga-d-desktop:flex;--_ga-mw-desktop:calc(100% - 0 - 0);--_ga-m-tablet:0 0 0 0;--_ga-p-tablet:0 0 0 0;--_ga-bg-tablet:transparent none;--_ga-zi-tablet:auto;--_ga-d-tablet:flex;--_ga-mw-tablet:calc(100% - 0 - 0);--_ga-m-mobile:0 0 0 0;--_ga-p-mobile:0 0 0 0;--_ga-bg-mobile:transparent none;--_ga-zi-mobile:auto;--_ga-d-mobile:flex;--_ga-mw-mobile:calc(100% - 0 - 0)\">\n\n<h2 class=\"has-text-align-center wp-block-heading\">Hotel Terme Venezia pour r\u00e9unions et \u00e9v\u00e9nements \u00e0 Abano Terme<\/h2>\n\n\n\n<h3 class=\"has-text-align-center wp-block-heading\">Espace Business avec tous les bienfaits de l&rsquo;eau thermale<\/h3>\n\n\n\n<p class=\"has-text-align-center\">En choisissant l&rsquo;H\u00f4tel Terme Venezia, vous disposerez d&rsquo;innombrables <strong>services d\u00e9di\u00e9s aux \u00e9v\u00e9nements d&rsquo;affaires<\/strong>, tels que la cuisine raffin\u00e9e du <a href=\"\/fr\/restaurant\/\"><strong>restaurant <\/strong><\/a><strong><a href=\"\/fr\/restauration\/\">Rialto<\/a><\/strong> qui vous proposera des menus adapt\u00e9s \u00e0 l&rsquo;occasion, un <strong>grand parc priv\u00e9<\/strong>, cadre id\u00e9al pour une pause-caf\u00e9 ou pour les ap\u00e9ritifs et les d\u00e9jeuners au buffet.<\/p>\n\n\n\n<p class=\"has-text-align-center\">\u00c0 la fin de l&rsquo;\u00e9v\u00e9nement, pour ceux qui souhaitent se d\u00e9tendre dans l&rsquo;un des meilleurs Spa au c\u0153ur des Collines Eugan\u00e9ennes r\u00e9serv\u00e9 un <strong>acc\u00e8s libre aux piscines <\/strong>et au <strong>Spa Venezia<\/strong>. <\/p>\n\n<\/div>\n<\/div><\/div>\n<\/div>\n<\/div><\/div>\n\n<div  class=\"grids-section grids-is-advanced alignfull\" style=\"--_gs-gap-desktop:0px 0px;--_gs-m-desktop:0 0 0 0;--_gs-p-desktop:0 0 0 0;--_gs-bg-desktop:transparent none;--_gs-bg-xp-desktop:0px;--_gs-zi-desktop:auto;--_gs-d-desktop:block;--_gs-mw-desktop:calc(100% - 0 - 0);--_gs-gap-tablet:0px 0px;--_gs-m-tablet:0 0 0 0;--_gs-p-tablet:0 0 0 0;--_gs-bg-tablet:transparent none;--_gs-bg-xp-tablet:0px;--_gs-zi-tablet:auto;--_gs-d-tablet:block;--_gs-mw-tablet:calc(100% - 0 - 0);--_gs-gap-mobile:0px 0px;--_gs-m-mobile:20px 0 20px 0;--_gs-p-mobile:0 0 0 0;--_gs-bg-mobile:transparent none;--_gs-bg-xp-mobile:0px;--_gs-zi-mobile:auto;--_gs-d-mobile:block;--_gs-mw-mobile:calc(100% - 0 - 0);--_gs-columns:12;--_gs-rows:6\"><div class=\"grids-s-w_i\">\n<div class=\"grids-area\" style=\"--_ga-column:2\/5;--_ga-row:1\/7;--_ga-va:center;--_ga-m-desktop:0 0 0 0;--_ga-p-desktop:0 0 0 0;--_ga-bg-desktop:transparent none;--_ga-zi-desktop:auto;--_ga-d-desktop:flex;--_ga-mw-desktop:calc(100% - 0 - 0);--_ga-m-tablet:0 0 0 0;--_ga-p-tablet:0 0 0 0;--_ga-bg-tablet:transparent none;--_ga-zi-tablet:auto;--_ga-d-tablet:flex;--_ga-mw-tablet:calc(100% - 0 - 0);--_ga-m-mobile:0 0 0 0;--_ga-p-mobile:0 0 0 0;--_ga-bg-mobile:transparent none;--_ga-zi-mobile:auto;--_ga-d-mobile:flex;--_ga-mw-mobile:calc(100% - 0 - 0)\">\n\n<h2 class=\"wp-block-heading\">Paquets Spa-Business pens\u00e9s pour les entreprises<\/h2>\n\n\n\n<h3 class=\"wp-block-heading\">Paquets sp\u00e9ciaux Business &amp; Spa H\u00f4tel<\/h3>\n\n\n\n<hr class=\"wp-block-separator is-style-default\"\/>\n\n\n\n<p>\u00c0 l&rsquo;H\u00f4tel Terme Venezia, les clients d&rsquo;affaires peuvent se r\u00e9server un espace d\u00e9di\u00e9 au bien-\u00eatre et aux soins du corps et de l&rsquo;esprit dans une atmosph\u00e8re accueillante et l\u00e9g\u00e8re.<\/p>\n\n\n\n<p>\u00c0 la fin de l&rsquo;\u00e9v\u00e9nement, nos professionnels du bien-\u00eatre seront pr\u00eats \u00e0 vous accueillir et vous aider \u00e0 transformer un voyage d&rsquo;affaires en une exp\u00e9rience de plaisir.<\/p>\n\n\n\n\n\n\n\n<\/div>\n\n<div class=\"grids-area\" style=\"--_ga-column:6\/12;--_ga-row:1\/7;--_ga-va:center;--_ga-m-desktop:0 0 0 0;--_ga-p-desktop:0 0 0 0;--_ga-bg-desktop:transparent none;--_ga-zi-desktop:auto;--_ga-d-desktop:flex;--_ga-mw-desktop:calc(100% - 0 - 0);--_ga-m-tablet:0 0 0 0;--_ga-p-tablet:0 0 0 0;--_ga-bg-tablet:transparent none;--_ga-zi-tablet:auto;--_ga-d-tablet:flex;--_ga-mw-tablet:calc(100% - 0 - 0);--_ga-m-mobile:0 0 0 0;--_ga-p-mobile:0 0 0 0;--_ga-bg-mobile:transparent none;--_ga-zi-mobile:auto;--_ga-d-mobile:flex;--_ga-mw-mobile:calc(100% - 0 - 0)\">\n\n<figure class=\"wp-block-image size-large border-rounded\"><img style=\"background-color: #575349;\" decoding=\"async\" width=\"1024\" height=\"683\" src=\"https:\/\/www.termevenezia.it\/wp-content\/uploads\/2021\/08\/piscina-esterna-hotel-venezia-abano_02-1024x683.jpg\" alt=\"\" class=\"wp-image-2108\" srcset=\"https:\/\/www.termevenezia.it\/wp-content\/uploads\/2021\/08\/piscina-esterna-hotel-venezia-abano_02-1024x683.jpg 1024w, https:\/\/www.termevenezia.it\/wp-content\/uploads\/2021\/08\/piscina-esterna-hotel-venezia-abano_02-300x200.jpg 300w, https:\/\/www.termevenezia.it\/wp-content\/uploads\/2021\/08\/piscina-esterna-hotel-venezia-abano_02-768x512.jpg 768w, https:\/\/www.termevenezia.it\/wp-content\/uploads\/2021\/08\/piscina-esterna-hotel-venezia-abano_02-1536x1024.jpg 1536w, https:\/\/www.termevenezia.it\/wp-content\/uploads\/2021\/08\/piscina-esterna-hotel-venezia-abano_02-1568x1045.jpg 1568w, https:\/\/www.termevenezia.it\/wp-content\/uploads\/2021\/08\/piscina-esterna-hotel-venezia-abano_02.jpg 1800w\" sizes=\"(max-width: 1024px) 100vw, 1024px\" \/><\/figure>\n\n<\/div>\n<\/div><\/div>","protected":false},"excerpt":{"rendered":"","protected":false},"author":1,"featured_media":7602,"parent":0,"menu_order":0,"comment_status":"closed","ping_status":"closed","template":"","meta":{"_acf_changed":false,"advgb_blocks_editor_width":"","advgb_blocks_columns_visual_guide":"","footnotes":""},"class_list":["post-2914","page","type-page","status-publish","has-post-thumbnail","hentry","entry"],"acf":[],"yoast_head":"<!-- This site is optimized with the Yoast SEO plugin v25.7 - https:\/\/yoast.com\/wordpress\/plugins\/seo\/ -->\n<title>Business et Spa h\u00f4tel \u00e0 Abano Terme - Terme Venezia<\/title>\n<meta name=\"description\" content=\"La salle de conf\u00e9rence de l&#039;H\u00f4tel Terme Venezia est l&#039;endroit id\u00e9al pour les r\u00e9unions, les conf\u00e9rences, les \u00e9v\u00e9nements, les cours de formation, les cours de mise \u00e0 jour et les r\u00e9unions d&#039;entreprise.\" \/>\n<meta name=\"robots\" content=\"index, follow, max-snippet:-1, max-image-preview:large, max-video-preview:-1\" \/>\n<link rel=\"canonical\" href=\"https:\/\/www.termevenezia.it\/fr\/reunions-d-entreprise\/\" \/>\n<meta property=\"og:locale\" content=\"fr_FR\" \/>\n<meta property=\"og:type\" content=\"article\" \/>\n<meta property=\"og:title\" content=\"Business et Spa h\u00f4tel \u00e0 Abano Terme - Terme Venezia\" \/>\n<meta property=\"og:description\" content=\"La salle de conf\u00e9rence de l&#039;H\u00f4tel Terme Venezia est l&#039;endroit id\u00e9al pour les r\u00e9unions, les conf\u00e9rences, les \u00e9v\u00e9nements, les cours de formation, les cours de mise \u00e0 jour et les r\u00e9unions d&#039;entreprise.\" \/>\n<meta property=\"og:url\" content=\"https:\/\/www.termevenezia.it\/fr\/reunions-d-entreprise\/\" \/>\n<meta property=\"og:site_name\" content=\"Terme Venezia\" \/>\n<meta property=\"article:modified_time\" content=\"2021-11-23T16:52:16+00:00\" \/>\n<meta property=\"og:image\" content=\"https:\/\/www.termevenezia.it\/wp-content\/uploads\/2021\/10\/silde-facciata-Hotel-Venezia-Abano.jpg\" \/>\n\t<meta property=\"og:image:width\" content=\"2000\" \/>\n\t<meta property=\"og:image:height\" content=\"714\" \/>\n\t<meta property=\"og:image:type\" content=\"image\/jpeg\" \/>\n<meta name=\"twitter:card\" content=\"summary_large_image\" \/>\n<meta name=\"twitter:label1\" content=\"Dur\u00e9e de lecture estim\u00e9e\" \/>\n\t<meta name=\"twitter:data1\" content=\"2 minutes\" \/>\n<script type=\"application\/ld+json\" class=\"yoast-schema-graph\">{\"@context\":\"https:\/\/schema.org\",\"@graph\":[{\"@type\":\"WebPage\",\"@id\":\"https:\/\/www.termevenezia.it\/fr\/reunions-d-entreprise\/\",\"url\":\"https:\/\/www.termevenezia.it\/fr\/reunions-d-entreprise\/\",\"name\":\"Business et Spa h\u00f4tel \u00e0 Abano Terme - Terme Venezia\",\"isPartOf\":{\"@id\":\"https:\/\/www.termevenezia.it\/fr\/#website\"},\"primaryImageOfPage\":{\"@id\":\"https:\/\/www.termevenezia.it\/fr\/reunions-d-entreprise\/#primaryimage\"},\"image\":{\"@id\":\"https:\/\/www.termevenezia.it\/fr\/reunions-d-entreprise\/#primaryimage\"},\"thumbnailUrl\":\"https:\/\/www.termevenezia.it\/wp-content\/uploads\/2021\/10\/silde-facciata-Hotel-Venezia-Abano.jpg\",\"datePublished\":\"2021-08-27T08:35:00+00:00\",\"dateModified\":\"2021-11-23T16:52:16+00:00\",\"description\":\"La salle de conf\u00e9rence de l'H\u00f4tel Terme Venezia est l'endroit id\u00e9al pour les r\u00e9unions, les conf\u00e9rences, les \u00e9v\u00e9nements, les cours de formation, les cours de mise \u00e0 jour et les r\u00e9unions d'entreprise.\",\"breadcrumb\":{\"@id\":\"https:\/\/www.termevenezia.it\/fr\/reunions-d-entreprise\/#breadcrumb\"},\"inLanguage\":\"fr-FR\",\"potentialAction\":[{\"@type\":\"ReadAction\",\"target\":[\"https:\/\/www.termevenezia.it\/fr\/reunions-d-entreprise\/\"]}]},{\"@type\":\"ImageObject\",\"inLanguage\":\"fr-FR\",\"@id\":\"https:\/\/www.termevenezia.it\/fr\/reunions-d-entreprise\/#primaryimage\",\"url\":\"https:\/\/www.termevenezia.it\/wp-content\/uploads\/2021\/10\/silde-facciata-Hotel-Venezia-Abano.jpg\",\"contentUrl\":\"https:\/\/www.termevenezia.it\/wp-content\/uploads\/2021\/10\/silde-facciata-Hotel-Venezia-Abano.jpg\",\"width\":2000,\"height\":714},{\"@type\":\"BreadcrumbList\",\"@id\":\"https:\/\/www.termevenezia.it\/fr\/reunions-d-entreprise\/#breadcrumb\",\"itemListElement\":[{\"@type\":\"ListItem\",\"position\":1,\"name\":\"\",\"item\":\"https:\/\/www.termevenezia.it\/fr\/\"},{\"@type\":\"ListItem\",\"position\":2,\"name\":\"Business et Spa h\u00f4tel \u00e0 Abano Terme\"}]},{\"@type\":\"WebSite\",\"@id\":\"https:\/\/www.termevenezia.it\/fr\/#website\",\"url\":\"https:\/\/www.termevenezia.it\/fr\/\",\"name\":\"Terme Venezia\",\"description\":\"\",\"potentialAction\":[{\"@type\":\"SearchAction\",\"target\":{\"@type\":\"EntryPoint\",\"urlTemplate\":\"https:\/\/www.termevenezia.it\/fr\/?s={search_term_string}\"},\"query-input\":{\"@type\":\"PropertyValueSpecification\",\"valueRequired\":true,\"valueName\":\"search_term_string\"}}],\"inLanguage\":\"fr-FR\"}]}<\/script>\n<!-- \/ Yoast SEO plugin. -->","yoast_head_json":{"title":"Business et Spa h\u00f4tel \u00e0 Abano Terme - Terme Venezia","description":"La salle de conf\u00e9rence de l'H\u00f4tel Terme Venezia est l'endroit id\u00e9al pour les r\u00e9unions, les conf\u00e9rences, les \u00e9v\u00e9nements, les cours de formation, les cours de mise \u00e0 jour et les r\u00e9unions d'entreprise.","robots":{"index":"index","follow":"follow","max-snippet":"max-snippet:-1","max-image-preview":"max-image-preview:large","max-video-preview":"max-video-preview:-1"},"canonical":"https:\/\/www.termevenezia.it\/fr\/reunions-d-entreprise\/","og_locale":"fr_FR","og_type":"article","og_title":"Business et Spa h\u00f4tel \u00e0 Abano Terme - Terme Venezia","og_description":"La salle de conf\u00e9rence de l'H\u00f4tel Terme Venezia est l'endroit id\u00e9al pour les r\u00e9unions, les conf\u00e9rences, les \u00e9v\u00e9nements, les cours de formation, les cours de mise \u00e0 jour et les r\u00e9unions d'entreprise.","og_url":"https:\/\/www.termevenezia.it\/fr\/reunions-d-entreprise\/","og_site_name":"Terme Venezia","article_modified_time":"2021-11-23T16:52:16+00:00","og_image":[{"width":2000,"height":714,"url":"https:\/\/www.termevenezia.it\/wp-content\/uploads\/2021\/10\/silde-facciata-Hotel-Venezia-Abano.jpg","type":"image\/jpeg"}],"twitter_card":"summary_large_image","twitter_misc":{"Dur\u00e9e de lecture estim\u00e9e":"2 minutes"},"schema":{"@context":"https:\/\/schema.org","@graph":[{"@type":"WebPage","@id":"https:\/\/www.termevenezia.it\/fr\/reunions-d-entreprise\/","url":"https:\/\/www.termevenezia.it\/fr\/reunions-d-entreprise\/","name":"Business et Spa h\u00f4tel \u00e0 Abano Terme - Terme Venezia","isPartOf":{"@id":"https:\/\/www.termevenezia.it\/fr\/#website"},"primaryImageOfPage":{"@id":"https:\/\/www.termevenezia.it\/fr\/reunions-d-entreprise\/#primaryimage"},"image":{"@id":"https:\/\/www.termevenezia.it\/fr\/reunions-d-entreprise\/#primaryimage"},"thumbnailUrl":"https:\/\/www.termevenezia.it\/wp-content\/uploads\/2021\/10\/silde-facciata-Hotel-Venezia-Abano.jpg","datePublished":"2021-08-27T08:35:00+00:00","dateModified":"2021-11-23T16:52:16+00:00","description":"La salle de conf\u00e9rence de l'H\u00f4tel Terme Venezia est l'endroit id\u00e9al pour les r\u00e9unions, les conf\u00e9rences, les \u00e9v\u00e9nements, les cours de formation, les cours de mise \u00e0 jour et les r\u00e9unions d'entreprise.","breadcrumb":{"@id":"https:\/\/www.termevenezia.it\/fr\/reunions-d-entreprise\/#breadcrumb"},"inLanguage":"fr-FR","potentialAction":[{"@type":"ReadAction","target":["https:\/\/www.termevenezia.it\/fr\/reunions-d-entreprise\/"]}]},{"@type":"ImageObject","inLanguage":"fr-FR","@id":"https:\/\/www.termevenezia.it\/fr\/reunions-d-entreprise\/#primaryimage","url":"https:\/\/www.termevenezia.it\/wp-content\/uploads\/2021\/10\/silde-facciata-Hotel-Venezia-Abano.jpg","contentUrl":"https:\/\/www.termevenezia.it\/wp-content\/uploads\/2021\/10\/silde-facciata-Hotel-Venezia-Abano.jpg","width":2000,"height":714},{"@type":"BreadcrumbList","@id":"https:\/\/www.termevenezia.it\/fr\/reunions-d-entreprise\/#breadcrumb","itemListElement":[{"@type":"ListItem","position":1,"name":"","item":"https:\/\/www.termevenezia.it\/fr\/"},{"@type":"ListItem","position":2,"name":"Business et Spa h\u00f4tel \u00e0 Abano Terme"}]},{"@type":"WebSite","@id":"https:\/\/www.termevenezia.it\/fr\/#website","url":"https:\/\/www.termevenezia.it\/fr\/","name":"Terme Venezia","description":"","potentialAction":[{"@type":"SearchAction","target":{"@type":"EntryPoint","urlTemplate":"https:\/\/www.termevenezia.it\/fr\/?s={search_term_string}"},"query-input":{"@type":"PropertyValueSpecification","valueRequired":true,"valueName":"search_term_string"}}],"inLanguage":"fr-FR"}]}},"coauthors":[],"author_meta":{"author_link":"https:\/\/www.termevenezia.it\/fr\/author\/t3mr4-v84ka0\/","display_name":"t3mr4-v84ka0"},"relative_dates":{"created":"Publi\u00e9 5 ans il y a","modified":"Mis \u00e0 jour 4 ans il y a"},"absolute_dates":{"created":"Publi\u00e9 le ao\u00fbt 27, 2021","modified":"Mise \u00e0 jour le novembre 23, 2021"},"absolute_dates_time":{"created":"Publi\u00e9 le ao\u00fbt 27, 2021 10:35 am","modified":"Mise \u00e0 jour le novembre 23, 2021 5:52 pm"},"featured_img_caption":"","featured_img":"https:\/\/www.termevenezia.it\/wp-content\/uploads\/2021\/10\/silde-facciata-Hotel-Venezia-Abano-1568x560.jpg","series_order":"","_links":{"self":[{"href":"https:\/\/www.termevenezia.it\/fr\/wp-json\/wp\/v2\/pages\/2914","targetHints":{"allow":["GET"]}}],"collection":[{"href":"https:\/\/www.termevenezia.it\/fr\/wp-json\/wp\/v2\/pages"}],"about":[{"href":"https:\/\/www.termevenezia.it\/fr\/wp-json\/wp\/v2\/types\/page"}],"author":[{"embeddable":true,"href":"https:\/\/www.termevenezia.it\/fr\/wp-json\/wp\/v2\/users\/1"}],"replies":[{"embeddable":true,"href":"https:\/\/www.termevenezia.it\/fr\/wp-json\/wp\/v2\/comments?post=2914"}],"version-history":[{"count":11,"href":"https:\/\/www.termevenezia.it\/fr\/wp-json\/wp\/v2\/pages\/2914\/revisions"}],"predecessor-version":[{"id":8342,"href":"https:\/\/www.termevenezia.it\/fr\/wp-json\/wp\/v2\/pages\/2914\/revisions\/8342"}],"wp:featuredmedia":[{"embeddable":true,"href":"https:\/\/www.termevenezia.it\/fr\/wp-json\/wp\/v2\/media\/7602"}],"wp:attachment":[{"href":"https:\/\/www.termevenezia.it\/fr\/wp-json\/wp\/v2\/media?parent=2914"}],"curies":[{"name":"wp","href":"https:\/\/api.w.org\/{rel}","templated":true}]}}