{"id":2970,"date":"2021-08-27T11:04:46","date_gmt":"2021-08-27T09:04:46","guid":{"rendered":"https:\/\/www.termevenezia.it\/?page_id=2970"},"modified":"2021-11-24T15:36:57","modified_gmt":"2021-11-24T14:36:57","slug":"hydrokinesie-et-reeducation","status":"publish","type":"page","link":"https:\/\/www.termevenezia.it\/fr\/hydrokinesie-et-reeducation\/","title":{"rendered":"Hydrokin\u00e9sie et r\u00e9\u00e9duction"},"content":{"rendered":"<div  class=\"grids-section grids-is-advanced\" style=\"--_gs-gap-desktop:0px 0px;--_gs-m-desktop:0 0 0 0;--_gs-p-desktop:0 0 0 0;--_gs-bg-desktop:transparent none;--_gs-bg-xp-desktop:0px;--_gs-zi-desktop:auto;--_gs-d-desktop:block;--_gs-mw-desktop:calc(100% - 0 - 0);--_gs-gap-tablet:0px 0px;--_gs-m-tablet:0 0 0 0;--_gs-p-tablet:0 0 0 0;--_gs-bg-tablet:transparent none;--_gs-bg-xp-tablet:0px;--_gs-zi-tablet:auto;--_gs-d-tablet:block;--_gs-mw-tablet:calc(100% - 0 - 0);--_gs-gap-mobile:0px 0px;--_gs-m-mobile:0 0 0 0;--_gs-p-mobile:0 0 0 0;--_gs-bg-mobile:transparent none;--_gs-bg-xp-mobile:0px;--_gs-zi-mobile:auto;--_gs-d-mobile:block;--_gs-mw-mobile:calc(100% - 0 - 0);--_gs-columns:12;--_gs-rows:6\"><div class=\"grids-s-w_i\">\n<div class=\"grids-area text-align-left-mobile\" style=\"--_ga-column:3\/11;--_ga-row:1\/2;--_ga-m-desktop:20px 0 0 0;--_ga-p-desktop:0 0 0 0;--_ga-bg-desktop:transparent none;--_ga-zi-desktop:auto;--_ga-d-desktop:flex;--_ga-mw-desktop:calc(100% - 0 - 0);--_ga-m-tablet:20px 0 0 0;--_ga-p-tablet:0 0 0 0;--_ga-bg-tablet:transparent none;--_ga-zi-tablet:auto;--_ga-d-tablet:flex;--_ga-mw-tablet:calc(100% - 0 - 0);--_ga-m-mobile:20px 0 0 0;--_ga-p-mobile:0 0 0 0;--_ga-bg-mobile:transparent none;--_ga-zi-mobile:auto;--_ga-d-mobile:flex;--_ga-mw-mobile:calc(100% - 0 - 0)\">\n\n<p class=\"has-text-align-center\">L&rsquo;H\u00f4tel Terme Venezia propose une large gamme de soins et d&rsquo;exercices de r\u00e9\u00e9ducation des articulations et des muscles, visant \u00e0 r\u00e9cup\u00e9rer ou \u00e0 maintenir le potentiel physique et moteur.<\/p>\n\n<\/div>\n<\/div><\/div>\n\n<div  class=\"grids-section grids-is-advanced alignfull\" style=\"--_gs-gap-desktop:0px 0px;--_gs-m-desktop:0 0 0 0;--_gs-p-desktop:0 0 0 0;--_gs-bg-desktop:transparent none;--_gs-bg-xp-desktop:0px;--_gs-zi-desktop:auto;--_gs-d-desktop:block;--_gs-mw-desktop:calc(100% - 0 - 0);--_gs-gap-tablet:0px 0px;--_gs-m-tablet:0 0 0 0;--_gs-p-tablet:0 0 0 0;--_gs-bg-tablet:transparent none;--_gs-bg-xp-tablet:0px;--_gs-zi-tablet:auto;--_gs-d-tablet:block;--_gs-mw-tablet:calc(100% - 0 - 0);--_gs-gap-mobile:0px 0px;--_gs-m-mobile:0 0 0 0;--_gs-p-mobile:0 0 0 0;--_gs-bg-mobile:transparent none;--_gs-bg-xp-mobile:0px;--_gs-zi-mobile:auto;--_gs-d-mobile:block;--_gs-mw-mobile:calc(100% - 0 - 0);--_gs-columns:12;--_gs-rows:6\"><div class=\"grids-s-w_i\">\n<div class=\"grids-area\" style=\"--_ga-column:9\/12;--_ga-row:1\/7;--_ga-va:center;--_ga-m-desktop:0 0 0 0;--_ga-p-desktop:0 0 0 0;--_ga-bg-desktop:transparent none;--_ga-zi-desktop:auto;--_ga-d-desktop:flex;--_ga-mw-desktop:calc(100% - 0 - 0);--_ga-m-tablet:0 0 0 0;--_ga-p-tablet:0 0 0 0;--_ga-bg-tablet:transparent none;--_ga-zi-tablet:auto;--_ga-d-tablet:flex;--_ga-mw-tablet:calc(100% - 0 - 0);--_ga-m-mobile:0 0 0 0;--_ga-p-mobile:0 0 0 0;--_ga-bg-mobile:transparent none;--_ga-zi-mobile:auto;--_ga-d-mobile:flex;--_ga-mw-mobile:calc(100% - 0 - 0)\">\n\n<h2 class=\"wp-block-heading\"> L&rsquo;<strong>hydrokin\u00e9sith\u00e9rapie <\/strong>en eau thermale<\/h2>\n\n\n\n<h3 class=\"wp-block-heading\">R\u00e9\u00e9ducation \u00e0 Abano<\/h3>\n\n\n\n<hr class=\"wp-block-separator\"\/>\n\n\n\n<p>Parmi les traitements de r\u00e9\u00e9ducation des articulations et des muscles, le plus courant est l&rsquo;<strong>hydrokin\u00e9sith\u00e9rapie en eau thermale.<\/strong><\/p>\n\n\n\n<p>L&rsquo;eau permet d&rsquo;all\u00e9ger le poids du corps tandis que la chaleur thermale facilite la r\u00e9cup\u00e9ration de la mobilit\u00e9 en d\u00e9tendant et en relaxant le corps, permettant ainsi une r\u00e9cup\u00e9ration rapide des fonctions motrices.<\/p>\n\n\n\n<p>L&rsquo;<strong>hydrokin\u00e9sith\u00e9rapie<\/strong> dans les eaux thermales d&rsquo;Abano est particuli\u00e8rement adapt\u00e9e \u00e0 la r\u00e9cup\u00e9ration musculaire apr\u00e8s une intervention chirurgicale, aux articulations surcharg\u00e9es ou aux personnes \u00e2g\u00e9es ayant des difficult\u00e9s motrices, pour une r\u00e9cup\u00e9ration en douceur et progressive des mouvements naturels.<\/p>\n\n\n\n<\/div>\n\n<div class=\"grids-area\" style=\"--_ga-column:2\/8;--_ga-row:1\/7;--_ga-va:center;--_ga-m-desktop:0 0 0 0;--_ga-p-desktop:0 0 0 0;--_ga-bg-desktop:transparent none;--_ga-zi-desktop:auto;--_ga-d-desktop:flex;--_ga-mw-desktop:calc(100% - 0 - 0);--_ga-m-tablet:0 0 0 0;--_ga-p-tablet:0 0 0 0;--_ga-bg-tablet:transparent none;--_ga-zi-tablet:auto;--_ga-d-tablet:flex;--_ga-mw-tablet:calc(100% - 0 - 0);--_ga-m-mobile:0 0 0 0;--_ga-p-mobile:0 0 0 0;--_ga-bg-mobile:transparent none;--_ga-zi-mobile:auto;--_ga-d-mobile:flex;--_ga-mw-mobile:calc(100% - 0 - 0)\">\n\n<figure class=\"wp-block-image size-large border-rounded\"><img style=\"background-color: #beb274;\" decoding=\"async\" width=\"1024\" height=\"683\" src=\"https:\/\/www.termevenezia.it\/wp-content\/uploads\/2021\/08\/idrokinesi-hotel-venezia-abano_01-1024x683.jpg\" alt=\"\" class=\"wp-image-3609\" srcset=\"https:\/\/www.termevenezia.it\/wp-content\/uploads\/2021\/08\/idrokinesi-hotel-venezia-abano_01-1024x683.jpg 1024w, https:\/\/www.termevenezia.it\/wp-content\/uploads\/2021\/08\/idrokinesi-hotel-venezia-abano_01-300x200.jpg 300w, https:\/\/www.termevenezia.it\/wp-content\/uploads\/2021\/08\/idrokinesi-hotel-venezia-abano_01-768x512.jpg 768w, https:\/\/www.termevenezia.it\/wp-content\/uploads\/2021\/08\/idrokinesi-hotel-venezia-abano_01-1536x1024.jpg 1536w, https:\/\/www.termevenezia.it\/wp-content\/uploads\/2021\/08\/idrokinesi-hotel-venezia-abano_01-1568x1045.jpg 1568w, https:\/\/www.termevenezia.it\/wp-content\/uploads\/2021\/08\/idrokinesi-hotel-venezia-abano_01.jpg 1800w\" sizes=\"(max-width: 1024px) 100vw, 1024px\" \/><\/figure>\n\n<\/div>\n<\/div><\/div>\n\n<div  class=\"grids-section grids-is-advanced alignfull\" style=\"--_gs-gap-desktop:0px 0px;--_gs-m-desktop:0 0 0 0;--_gs-p-desktop:0 0 0 0;--_gs-bg-desktop:transparent none;--_gs-bg-xp-desktop:0px;--_gs-zi-desktop:auto;--_gs-d-desktop:block;--_gs-mw-desktop:calc(100% - 0 - 0);--_gs-gap-tablet:0px 0px;--_gs-m-tablet:0 0 0 0;--_gs-p-tablet:0 0 0 0;--_gs-bg-tablet:transparent none;--_gs-bg-xp-tablet:0px;--_gs-zi-tablet:auto;--_gs-d-tablet:block;--_gs-mw-tablet:calc(100% - 0 - 0);--_gs-gap-mobile:0px 0px;--_gs-m-mobile:0 0 0 0;--_gs-p-mobile:0 0 0 0;--_gs-bg-mobile:transparent none;--_gs-bg-xp-mobile:0px;--_gs-zi-mobile:auto;--_gs-d-mobile:block;--_gs-mw-mobile:calc(100% - 0 - 0);--_gs-columns:12;--_gs-rows:6\"><div class=\"grids-s-w_i\">\n<div class=\"grids-area\" style=\"--_ga-column:2\/5;--_ga-row:1\/7;--_ga-va:center;--_ga-m-desktop:0 0 0 0;--_ga-p-desktop:0 0 0 0;--_ga-bg-desktop:transparent none;--_ga-zi-desktop:auto;--_ga-d-desktop:flex;--_ga-mw-desktop:calc(100% - 0 - 0);--_ga-m-tablet:0 0 0 0;--_ga-p-tablet:0 0 0 0;--_ga-bg-tablet:transparent none;--_ga-zi-tablet:auto;--_ga-d-tablet:flex;--_ga-mw-tablet:calc(100% - 0 - 0);--_ga-m-mobile:0 0 0 0;--_ga-p-mobile:0 0 0 0;--_ga-bg-mobile:transparent none;--_ga-zi-mobile:auto;--_ga-d-mobile:flex;--_ga-mw-mobile:calc(100% - 0 - 0)\">\n\n<h2 class=\"wp-block-heading\">Kin\u00e9sith\u00e9rapie<\/h2>\n\n\n\n<h3 class=\"wp-block-heading\">R\u00e9\u00e9ducation motrice<\/h3>\n\n\n\n<hr class=\"wp-block-separator is-style-default\"\/>\n\n\n\n<p>La r\u00e9\u00e9ducation motrice, en tant que th\u00e9rapie par le mouvement (kin\u00e9sith\u00e9rapie) vise \u00e0 restaurer la fonction normale de coordination musculaire, myofasciale, articulaire et du mouvement d&rsquo;un ou plusieurs membres.<\/p>\n\n\n\n<\/div>\n\n<div class=\"grids-area\" style=\"--_ga-column:6\/12;--_ga-row:1\/7;--_ga-va:center;--_ga-m-desktop:0 0 0 0;--_ga-p-desktop:0 0 0 0;--_ga-bg-desktop:transparent none;--_ga-zi-desktop:auto;--_ga-d-desktop:flex;--_ga-mw-desktop:calc(100% - 0 - 0);--_ga-m-tablet:0 0 0 0;--_ga-p-tablet:0 0 0 0;--_ga-bg-tablet:transparent none;--_ga-zi-tablet:auto;--_ga-d-tablet:flex;--_ga-mw-tablet:calc(100% - 0 - 0);--_ga-m-mobile:0 0 0 0;--_ga-p-mobile:0 0 0 0;--_ga-bg-mobile:transparent none;--_ga-zi-mobile:auto;--_ga-d-mobile:flex;--_ga-mw-mobile:calc(100% - 0 - 0)\">\n\n<figure class=\"wp-block-image size-large border-rounded\"><img style=\"background-color: #5f9997;\" decoding=\"async\" width=\"1024\" height=\"683\" src=\"https:\/\/www.termevenezia.it\/wp-content\/uploads\/2021\/08\/idrokinesi-hotel-venezia-abano_02-1024x683.jpg\" alt=\"\" class=\"wp-image-3612\" srcset=\"https:\/\/www.termevenezia.it\/wp-content\/uploads\/2021\/08\/idrokinesi-hotel-venezia-abano_02-1024x683.jpg 1024w, https:\/\/www.termevenezia.it\/wp-content\/uploads\/2021\/08\/idrokinesi-hotel-venezia-abano_02-300x200.jpg 300w, https:\/\/www.termevenezia.it\/wp-content\/uploads\/2021\/08\/idrokinesi-hotel-venezia-abano_02-768x512.jpg 768w, https:\/\/www.termevenezia.it\/wp-content\/uploads\/2021\/08\/idrokinesi-hotel-venezia-abano_02-1536x1024.jpg 1536w, https:\/\/www.termevenezia.it\/wp-content\/uploads\/2021\/08\/idrokinesi-hotel-venezia-abano_02-1568x1045.jpg 1568w, https:\/\/www.termevenezia.it\/wp-content\/uploads\/2021\/08\/idrokinesi-hotel-venezia-abano_02.jpg 1800w\" sizes=\"(max-width: 1024px) 100vw, 1024px\" \/><\/figure>\n\n<\/div>\n<\/div><\/div>\n\n<div  class=\"grids-section grids-is-advanced alignfull\" style=\"--_gs-gap-desktop:0px 0px;--_gs-m-desktop:0 0 0 0;--_gs-p-desktop:0 0 0 0;--_gs-bg-desktop:transparent none;--_gs-bg-xp-desktop:0px;--_gs-zi-desktop:auto;--_gs-d-desktop:block;--_gs-mw-desktop:calc(100% - 0 - 0);--_gs-gap-tablet:0px 0px;--_gs-m-tablet:0 0 0 0;--_gs-p-tablet:0 0 0 0;--_gs-bg-tablet:transparent none;--_gs-bg-xp-tablet:0px;--_gs-zi-tablet:auto;--_gs-d-tablet:block;--_gs-mw-tablet:calc(100% - 0 - 0);--_gs-gap-mobile:0px 0px;--_gs-m-mobile:0 0 0 0;--_gs-p-mobile:0 0 0 0;--_gs-bg-mobile:transparent none;--_gs-bg-xp-mobile:0px;--_gs-zi-mobile:auto;--_gs-d-mobile:block;--_gs-mw-mobile:calc(100% - 0 - 0);--_gs-columns:12;--_gs-rows:6\"><div class=\"grids-s-w_i\">\n<div class=\"grids-area\" style=\"--_ga-column:9\/12;--_ga-row:1\/7;--_ga-va:center;--_ga-m-desktop:0 0 0 0;--_ga-p-desktop:0 0 0 0;--_ga-bg-desktop:transparent none;--_ga-zi-desktop:auto;--_ga-d-desktop:flex;--_ga-mw-desktop:calc(100% - 0 - 0);--_ga-m-tablet:0 0 0 0;--_ga-p-tablet:0 0 0 0;--_ga-bg-tablet:transparent none;--_ga-zi-tablet:auto;--_ga-d-tablet:flex;--_ga-mw-tablet:calc(100% - 0 - 0);--_ga-m-mobile:0 0 0 0;--_ga-p-mobile:0 0 0 0;--_ga-bg-mobile:transparent none;--_ga-zi-mobile:auto;--_ga-d-mobile:flex;--_ga-mw-mobile:calc(100% - 0 - 0)\">\n\n<h2 class=\"wp-block-heading\">Th\u00e9rapie craniosacrale<\/h2>\n\n\n\n<h3 class=\"wp-block-heading\">Technique ost\u00e9opathique<\/h3>\n\n\n\n<hr class=\"wp-block-separator is-style-default\"\/>\n\n\n\n<p>La <strong>th\u00e9rapie craniosacrale<\/strong> est une technique ost\u00e9opathique qui implique un toucher tr\u00e8s l\u00e9ger de l&rsquo;op\u00e9rateur sur les os cr\u00e2niens et de la colonne vert\u00e9brale, visant \u00e0 soutenir et \u00e0 stimuler le syst\u00e8me craniosacrale. La th\u00e9rapie est en mesure de r\u00e9\u00e9quilibrer la fonctionnalit\u00e9 de tout l&rsquo;organisme.<\/p>\n\n\n\n<\/div>\n\n<div class=\"grids-area\" style=\"--_ga-column:2\/8;--_ga-row:1\/7;--_ga-va:center;--_ga-m-desktop:0 0 0 0;--_ga-p-desktop:0 0 0 0;--_ga-bg-desktop:transparent none;--_ga-zi-desktop:auto;--_ga-d-desktop:flex;--_ga-mw-desktop:calc(100% - 0 - 0);--_ga-m-tablet:0 0 0 0;--_ga-p-tablet:0 0 0 0;--_ga-bg-tablet:transparent none;--_ga-zi-tablet:auto;--_ga-d-tablet:flex;--_ga-mw-tablet:calc(100% - 0 - 0);--_ga-m-mobile:0 0 0 0;--_ga-p-mobile:0 0 0 0;--_ga-bg-mobile:transparent none;--_ga-zi-mobile:auto;--_ga-d-mobile:flex;--_ga-mw-mobile:calc(100% - 0 - 0)\">\n\n<figure class=\"wp-block-image size-large border-rounded\"><img style=\"background-color: #806958;\" decoding=\"async\" width=\"1024\" height=\"683\" src=\"https:\/\/www.termevenezia.it\/wp-content\/uploads\/2021\/08\/trattamenti-viso-hotel-venezia-abano_02-1024x683.jpg\" alt=\"\" class=\"wp-image-3542\" srcset=\"https:\/\/www.termevenezia.it\/wp-content\/uploads\/2021\/08\/trattamenti-viso-hotel-venezia-abano_02-1024x683.jpg 1024w, https:\/\/www.termevenezia.it\/wp-content\/uploads\/2021\/08\/trattamenti-viso-hotel-venezia-abano_02-300x200.jpg 300w, https:\/\/www.termevenezia.it\/wp-content\/uploads\/2021\/08\/trattamenti-viso-hotel-venezia-abano_02-768x512.jpg 768w, https:\/\/www.termevenezia.it\/wp-content\/uploads\/2021\/08\/trattamenti-viso-hotel-venezia-abano_02-1536x1024.jpg 1536w, https:\/\/www.termevenezia.it\/wp-content\/uploads\/2021\/08\/trattamenti-viso-hotel-venezia-abano_02-1568x1045.jpg 1568w, https:\/\/www.termevenezia.it\/wp-content\/uploads\/2021\/08\/trattamenti-viso-hotel-venezia-abano_02.jpg 1800w\" sizes=\"(max-width: 1024px) 100vw, 1024px\" \/><\/figure>\n\n<\/div>\n<\/div><\/div>","protected":false},"excerpt":{"rendered":"","protected":false},"author":1,"featured_media":5675,"parent":0,"menu_order":0,"comment_status":"closed","ping_status":"closed","template":"","meta":{"_acf_changed":false,"advgb_blocks_editor_width":"","advgb_blocks_columns_visual_guide":"","footnotes":""},"class_list":["post-2970","page","type-page","status-publish","has-post-thumbnail","hentry","entry"],"acf":[],"yoast_head":"<!-- This site is optimized with the Yoast SEO plugin v25.7 - https:\/\/yoast.com\/wordpress\/plugins\/seo\/ -->\n<title>Hydrokin\u00e9sie et r\u00e9\u00e9duction - Terme Venezia<\/title>\n<meta name=\"description\" content=\"L&#039;H\u00f4tel Terme Venezia propose une vaste gamme de soins de r\u00e9\u00e9ducation des articulations et de la musculature.\" \/>\n<meta name=\"robots\" content=\"index, follow, max-snippet:-1, max-image-preview:large, max-video-preview:-1\" \/>\n<link rel=\"canonical\" href=\"https:\/\/www.termevenezia.it\/fr\/hydrokinesie-et-reeducation\/\" \/>\n<meta property=\"og:locale\" content=\"fr_FR\" \/>\n<meta property=\"og:type\" content=\"article\" \/>\n<meta property=\"og:title\" content=\"Hydrokin\u00e9sie et r\u00e9\u00e9duction - Terme Venezia\" \/>\n<meta property=\"og:description\" content=\"L&#039;H\u00f4tel Terme Venezia propose une vaste gamme de soins de r\u00e9\u00e9ducation des articulations et de la musculature.\" \/>\n<meta property=\"og:url\" content=\"https:\/\/www.termevenezia.it\/fr\/hydrokinesie-et-reeducation\/\" \/>\n<meta property=\"og:site_name\" content=\"Terme Venezia\" \/>\n<meta property=\"article:modified_time\" content=\"2021-11-24T14:36:57+00:00\" \/>\n<meta property=\"og:image\" content=\"https:\/\/www.termevenezia.it\/wp-content\/uploads\/2021\/09\/slide-idrokinesi-terme-vene.jpg\" \/>\n\t<meta property=\"og:image:width\" content=\"2000\" \/>\n\t<meta property=\"og:image:height\" content=\"714\" \/>\n\t<meta property=\"og:image:type\" content=\"image\/jpeg\" \/>\n<meta name=\"twitter:card\" content=\"summary_large_image\" \/>\n<meta name=\"twitter:label1\" content=\"Dur\u00e9e de lecture estim\u00e9e\" \/>\n\t<meta name=\"twitter:data1\" content=\"2 minutes\" \/>\n<script type=\"application\/ld+json\" class=\"yoast-schema-graph\">{\"@context\":\"https:\/\/schema.org\",\"@graph\":[{\"@type\":\"WebPage\",\"@id\":\"https:\/\/www.termevenezia.it\/fr\/hydrokinesie-et-reeducation\/\",\"url\":\"https:\/\/www.termevenezia.it\/fr\/hydrokinesie-et-reeducation\/\",\"name\":\"Hydrokin\u00e9sie et r\u00e9\u00e9duction - Terme Venezia\",\"isPartOf\":{\"@id\":\"https:\/\/www.termevenezia.it\/fr\/#website\"},\"primaryImageOfPage\":{\"@id\":\"https:\/\/www.termevenezia.it\/fr\/hydrokinesie-et-reeducation\/#primaryimage\"},\"image\":{\"@id\":\"https:\/\/www.termevenezia.it\/fr\/hydrokinesie-et-reeducation\/#primaryimage\"},\"thumbnailUrl\":\"https:\/\/www.termevenezia.it\/wp-content\/uploads\/2021\/09\/slide-idrokinesi-terme-vene.jpg\",\"datePublished\":\"2021-08-27T09:04:46+00:00\",\"dateModified\":\"2021-11-24T14:36:57+00:00\",\"description\":\"L'H\u00f4tel Terme Venezia propose une vaste gamme de soins de r\u00e9\u00e9ducation des articulations et de la musculature.\",\"breadcrumb\":{\"@id\":\"https:\/\/www.termevenezia.it\/fr\/hydrokinesie-et-reeducation\/#breadcrumb\"},\"inLanguage\":\"fr-FR\",\"potentialAction\":[{\"@type\":\"ReadAction\",\"target\":[\"https:\/\/www.termevenezia.it\/fr\/hydrokinesie-et-reeducation\/\"]}]},{\"@type\":\"ImageObject\",\"inLanguage\":\"fr-FR\",\"@id\":\"https:\/\/www.termevenezia.it\/fr\/hydrokinesie-et-reeducation\/#primaryimage\",\"url\":\"https:\/\/www.termevenezia.it\/wp-content\/uploads\/2021\/09\/slide-idrokinesi-terme-vene.jpg\",\"contentUrl\":\"https:\/\/www.termevenezia.it\/wp-content\/uploads\/2021\/09\/slide-idrokinesi-terme-vene.jpg\",\"width\":2000,\"height\":714},{\"@type\":\"BreadcrumbList\",\"@id\":\"https:\/\/www.termevenezia.it\/fr\/hydrokinesie-et-reeducation\/#breadcrumb\",\"itemListElement\":[{\"@type\":\"ListItem\",\"position\":1,\"name\":\"\",\"item\":\"https:\/\/www.termevenezia.it\/fr\/\"},{\"@type\":\"ListItem\",\"position\":2,\"name\":\"Hydrokin\u00e9sie et r\u00e9\u00e9duction\"}]},{\"@type\":\"WebSite\",\"@id\":\"https:\/\/www.termevenezia.it\/fr\/#website\",\"url\":\"https:\/\/www.termevenezia.it\/fr\/\",\"name\":\"Terme Venezia\",\"description\":\"\",\"potentialAction\":[{\"@type\":\"SearchAction\",\"target\":{\"@type\":\"EntryPoint\",\"urlTemplate\":\"https:\/\/www.termevenezia.it\/fr\/?s={search_term_string}\"},\"query-input\":{\"@type\":\"PropertyValueSpecification\",\"valueRequired\":true,\"valueName\":\"search_term_string\"}}],\"inLanguage\":\"fr-FR\"}]}<\/script>\n<!-- \/ Yoast SEO plugin. -->","yoast_head_json":{"title":"Hydrokin\u00e9sie et r\u00e9\u00e9duction - Terme Venezia","description":"L'H\u00f4tel Terme Venezia propose une vaste gamme de soins de r\u00e9\u00e9ducation des articulations et de la musculature.","robots":{"index":"index","follow":"follow","max-snippet":"max-snippet:-1","max-image-preview":"max-image-preview:large","max-video-preview":"max-video-preview:-1"},"canonical":"https:\/\/www.termevenezia.it\/fr\/hydrokinesie-et-reeducation\/","og_locale":"fr_FR","og_type":"article","og_title":"Hydrokin\u00e9sie et r\u00e9\u00e9duction - Terme Venezia","og_description":"L'H\u00f4tel Terme Venezia propose une vaste gamme de soins de r\u00e9\u00e9ducation des articulations et de la musculature.","og_url":"https:\/\/www.termevenezia.it\/fr\/hydrokinesie-et-reeducation\/","og_site_name":"Terme Venezia","article_modified_time":"2021-11-24T14:36:57+00:00","og_image":[{"width":2000,"height":714,"url":"https:\/\/www.termevenezia.it\/wp-content\/uploads\/2021\/09\/slide-idrokinesi-terme-vene.jpg","type":"image\/jpeg"}],"twitter_card":"summary_large_image","twitter_misc":{"Dur\u00e9e de lecture estim\u00e9e":"2 minutes"},"schema":{"@context":"https:\/\/schema.org","@graph":[{"@type":"WebPage","@id":"https:\/\/www.termevenezia.it\/fr\/hydrokinesie-et-reeducation\/","url":"https:\/\/www.termevenezia.it\/fr\/hydrokinesie-et-reeducation\/","name":"Hydrokin\u00e9sie et r\u00e9\u00e9duction - Terme Venezia","isPartOf":{"@id":"https:\/\/www.termevenezia.it\/fr\/#website"},"primaryImageOfPage":{"@id":"https:\/\/www.termevenezia.it\/fr\/hydrokinesie-et-reeducation\/#primaryimage"},"image":{"@id":"https:\/\/www.termevenezia.it\/fr\/hydrokinesie-et-reeducation\/#primaryimage"},"thumbnailUrl":"https:\/\/www.termevenezia.it\/wp-content\/uploads\/2021\/09\/slide-idrokinesi-terme-vene.jpg","datePublished":"2021-08-27T09:04:46+00:00","dateModified":"2021-11-24T14:36:57+00:00","description":"L'H\u00f4tel Terme Venezia propose une vaste gamme de soins de r\u00e9\u00e9ducation des articulations et de la musculature.","breadcrumb":{"@id":"https:\/\/www.termevenezia.it\/fr\/hydrokinesie-et-reeducation\/#breadcrumb"},"inLanguage":"fr-FR","potentialAction":[{"@type":"ReadAction","target":["https:\/\/www.termevenezia.it\/fr\/hydrokinesie-et-reeducation\/"]}]},{"@type":"ImageObject","inLanguage":"fr-FR","@id":"https:\/\/www.termevenezia.it\/fr\/hydrokinesie-et-reeducation\/#primaryimage","url":"https:\/\/www.termevenezia.it\/wp-content\/uploads\/2021\/09\/slide-idrokinesi-terme-vene.jpg","contentUrl":"https:\/\/www.termevenezia.it\/wp-content\/uploads\/2021\/09\/slide-idrokinesi-terme-vene.jpg","width":2000,"height":714},{"@type":"BreadcrumbList","@id":"https:\/\/www.termevenezia.it\/fr\/hydrokinesie-et-reeducation\/#breadcrumb","itemListElement":[{"@type":"ListItem","position":1,"name":"","item":"https:\/\/www.termevenezia.it\/fr\/"},{"@type":"ListItem","position":2,"name":"Hydrokin\u00e9sie et r\u00e9\u00e9duction"}]},{"@type":"WebSite","@id":"https:\/\/www.termevenezia.it\/fr\/#website","url":"https:\/\/www.termevenezia.it\/fr\/","name":"Terme Venezia","description":"","potentialAction":[{"@type":"SearchAction","target":{"@type":"EntryPoint","urlTemplate":"https:\/\/www.termevenezia.it\/fr\/?s={search_term_string}"},"query-input":{"@type":"PropertyValueSpecification","valueRequired":true,"valueName":"search_term_string"}}],"inLanguage":"fr-FR"}]}},"coauthors":[],"author_meta":{"author_link":"https:\/\/www.termevenezia.it\/fr\/author\/t3mr4-v84ka0\/","display_name":"t3mr4-v84ka0"},"relative_dates":{"created":"Publi\u00e9 5 ans il y a","modified":"Mis \u00e0 jour 4 ans il y a"},"absolute_dates":{"created":"Publi\u00e9 le ao\u00fbt 27, 2021","modified":"Mise \u00e0 jour le novembre 24, 2021"},"absolute_dates_time":{"created":"Publi\u00e9 le ao\u00fbt 27, 2021 11:04 am","modified":"Mise \u00e0 jour le novembre 24, 2021 3:36 pm"},"featured_img_caption":"","featured_img":"https:\/\/www.termevenezia.it\/wp-content\/uploads\/2021\/09\/slide-idrokinesi-terme-vene-1568x560.jpg","series_order":"","_links":{"self":[{"href":"https:\/\/www.termevenezia.it\/fr\/wp-json\/wp\/v2\/pages\/2970","targetHints":{"allow":["GET"]}}],"collection":[{"href":"https:\/\/www.termevenezia.it\/fr\/wp-json\/wp\/v2\/pages"}],"about":[{"href":"https:\/\/www.termevenezia.it\/fr\/wp-json\/wp\/v2\/types\/page"}],"author":[{"embeddable":true,"href":"https:\/\/www.termevenezia.it\/fr\/wp-json\/wp\/v2\/users\/1"}],"replies":[{"embeddable":true,"href":"https:\/\/www.termevenezia.it\/fr\/wp-json\/wp\/v2\/comments?post=2970"}],"version-history":[{"count":7,"href":"https:\/\/www.termevenezia.it\/fr\/wp-json\/wp\/v2\/pages\/2970\/revisions"}],"predecessor-version":[{"id":8417,"href":"https:\/\/www.termevenezia.it\/fr\/wp-json\/wp\/v2\/pages\/2970\/revisions\/8417"}],"wp:featuredmedia":[{"embeddable":true,"href":"https:\/\/www.termevenezia.it\/fr\/wp-json\/wp\/v2\/media\/5675"}],"wp:attachment":[{"href":"https:\/\/www.termevenezia.it\/fr\/wp-json\/wp\/v2\/media?parent=2970"}],"curies":[{"name":"wp","href":"https:\/\/api.w.org\/{rel}","templated":true}]}}